{"id":5666034,"date":"2017-08-25T14:55:14","date_gmt":"2017-08-25T14:55:14","guid":{"rendered":"http:\/\/demo22\/?page_id=6"},"modified":"2026-03-09T23:20:08","modified_gmt":"2026-03-09T22:20:08","slug":"home","status":"publish","type":"page","link":"https:\/\/www.cocoricoporto.com\/fr\/","title":{"rendered":"Accueil"},"content":{"rendered":"[vc_row full_width=\u00a0\u00bbstretch_row_content_no_spaces\u00a0\u00bb disable_element=\u00a0\u00bbyes\u00a0\u00bb][vc_column][rev_slider_vc alias=\u00a0\u00bbhome\u00a0\u00bb][\/vc_column][\/vc_row][vc_row full_width=\u00a0\u00bbstretch_row_content_no_spaces\u00a0\u00bb full_height=\u00a0\u00bbyes\u00a0\u00bb parallax=\u00a0\u00bbcontent-moving\u00a0\u00bb parallax_image=\u00a0\u00bb5670739&Prime; parallax_speed_bg=\u00a0\u00bb1&Prime; css=\u00a0\u00bb.vc_custom_1704707585592{margin-top: -80px !important;}\u00a0\u00bb][vc_column]<div class=\"norebro-heading-sc heading home-page-title text-center\"\n\tid=\"norebro-custom-69f299c5b3a0a\" \n\t \n\t>\n\t\n\t\n\t\n\t<h1 class=\"title\">\n\t\tCocorico Porto\t<\/h1>\n\n\t\n\t\t\t<p class=\"subtitle\">\n\t\t\t\t\t<\/p>\n\t\t\n<\/div><div class=\"norebro-text-sc home-text-banner\" \n\tid=\"norebro-custom-69f299c5b3b71\" \n\t \n\t>\n\n\t<p style=\"text-align: center;\">Cocorico Porto<\/p>\n\t\n<\/div>[vc_raw_html]JTNDaW1nJTIwc3JjJTNEJTIyaHR0cHMlM0ElMkYlMkZzMy1ldS1jZW50cmFsLTEuYW1hem9uYXdzLmNvbSUyRmJvd28tbWVkaWElMkZwd2FfY2FyZCUyRmY3NTU4YjJmLTEyZWEtNDc3Zi1hOWJmLTA4YzExMjkzMmY1OC5naWYlMjIlMjBzdHlsZSUzRCUyMmRpc3BsYXklM0ElMjBibG9jayUzQiUyMG1hcmdpbi1sZWZ0JTNBJTIwYXV0byUzQiUyMG1hcmdpbi1yaWdodCUzQSUyMGF1dG8lM0IlMjB3aWR0aCUzQTEwMHB4JTNCJTIyJTIwb25jbGljayUzRCUyMnNtb290aFNjcm9sbCUyOCUyNyUyM2hvbWUtY29udGVudCUyNyUyOSUyMiUzRQ==[\/vc_raw_html][\/vc_column][\/vc_row][vc_row full_width=\u00a0\u00bbstretch_row\u00a0\u00bb gap=\u00a0\u00bb20&Prime; full_height=\u00a0\u00bbyes\u00a0\u00bb el_id=\u00a0\u00bbhome-content\u00a0\u00bb][vc_column][vc_row_inner][vc_column_inner]<div class=\"norebro-heading-sc heading text-center\"\n\tid=\"norebro-custom-69f299c5b3c9b\" \n\t \n\t>\n\t\n\t\n\t\n\t<h2 class=\"title\">\n\t\tMaison 4 \u00e9toiles \u00e0 Porto\t<\/h2>\n\n\t\n\t\t\t<p class=\"subtitle\">\n\t\t\t\t\t<\/p>\n\t\t\n<\/div>[vc_empty_space height=\u00a0\u00bb20px\u00a0\u00bb]<div class=\"norebro-heading-sc heading text-center\"\n\tid=\"norebro-custom-69f299c5b3dcb\" \n\t \n\t>\n\t\n\t\n\t\n\t<h3 class=\"title\">\n\t\tCocorico, un symbole de libert\u00e9 et d'excellence dans l'exp\u00e9rience h\u00f4teli\u00e8re\t<\/h3>\n\n\t\n\t\t\t<p class=\"subtitle\">\n\t\t\t\t\t<\/p>\n\t\t\n<\/div>[vc_empty_space height=\u00a0\u00bb20px\u00a0\u00bb]<div class=\"norebro-text-sc \" \n\tid=\"norebro-custom-69f299c5b3eef\" \n\t \n\t>\n\n\t<p style=\"text-align: center;\">Une maison Portugaise accentu\u00e9e de touches Fran\u00e7aises !<br \/>\nAvec ses 10 chambres toutes plus charmantes et confortables ainsi que son bistrot gourmand, cette adresse au c\u0153ur de Porto vous fera voyager.<\/p>\n\t\n<\/div>[vc_empty_space height=\u00a0\u00bb20px\u00a0\u00bb][\/vc_column_inner][\/vc_row_inner]<div class=\"norebro-slider-sc slider-wrap\">\n\t<div class=\"slider norebro-slider  full nav-inset\" \n\tid=\"norebro-custom-69f299c5b3fe3\" \n\tdata-norebro-slider='{\"loop\":true,\"dots\":true,\"nav\":true,\"autoplay\":true,\"autoplayHoverPause\":true,\"autoHeight\":true,\"navContainerClass\":\"slider-nav\",\"itemsDesktop\":\"1\",\"itemsTablet\":\"1\",\"itemsMobile\":\"1\",\"slideBy\":\"1\",\"autoplayTimeout\":\"4\"}' \n\t\t>\n\n\t\t<div class=\"slider-wrap\">\n\n\t[vc_row_inner content_placement=\u00a0\u00bbmiddle\u00a0\u00bb gap=\u00a0\u00bb20&Prime;][vc_column_inner width=\u00a0\u00bb2\/5&Prime;][vc_single_image image=\u00a0\u00bb5671058&Prime; img_size=\u00a0\u00bbfull\u00a0\u00bb alignment=\u00a0\u00bbcenter\u00a0\u00bb][\/vc_column_inner][vc_column_inner width=\u00a0\u00bb3\/5&Prime;]<div class=\"norebro-heading-sc heading text-left\"\n\tid=\"norebro-custom-69f299c5b4220\" \n\t \n\t>\n\t\n\t\n\t\n\t<h2 class=\"title\">\n\t\tBoutique en ligne\t<\/h2>\n\n\t\n\t\t\t<p class=\"subtitle\">\n\t\t\t\t\t<\/p>\n\t\t\n<\/div><div class=\"norebro-heading-sc heading text-left\"\n\tid=\"norebro-custom-69f299c5b433b\" \n\t \n\t>\n\t\n\t\n\t\n\t<h3 class=\"title\">\n\t\tOFFREZ LE LUXE, OFFREZ UNE EXP\u00c9RIENCE UNIQUE\t<\/h3>\n\n\t\n\t\t\t<p class=\"subtitle\">\n\t\t\t\t\t<\/p>\n\t\t\n<\/div><div class=\"norebro-text-sc no-padding\" \n\tid=\"norebro-custom-69f299c5b4456\" \n\t \n\t>\n\n\t<p>Notre boutique en ligne propose des s\u00e9jours, des exp\u00e9riences culinaires et gastronomiques dans nos diff\u00e9rents espaces, ainsi que des soins au spa.<\/p>\n\t\n<\/div>[vc_empty_space height=\u00a0\u00bb20px\u00a0\u00bb][vc_btn title=\u00a0\u00bbOFFRIR &amp; S&rsquo;OFFRIR\u00a0\u00bb style=\u00a0\u00bboutline\u00a0\u00bb shape=\u00a0\u00bbsquare\u00a0\u00bb color=\u00a0\u00bbinverse\u00a0\u00bb align=\u00a0\u00bbleft\u00a0\u00bb i_icon_fontawesome=\u00a0\u00bbfa fa-gift\u00a0\u00bb add_icon=\u00a0\u00bbtrue\u00a0\u00bb link=\u00a0\u00bburl:https%3A%2F%2Fwww.cocorico-porto.pt%2Ffr%2Fcoffrets-cadeaux%2F|||\u00a0\u00bb][\/vc_column_inner][\/vc_row_inner]\t\n<\/div><div class=\"slider-wrap\">\n\n\t[vc_row_inner content_placement=\u00a0\u00bbmiddle\u00a0\u00bb gap=\u00a0\u00bb20&Prime;][vc_column_inner width=\u00a0\u00bb2\/5&Prime;][vc_single_image image=\u00a0\u00bb5670747&Prime; img_size=\u00a0\u00bbfull\u00a0\u00bb alignment=\u00a0\u00bbcenter\u00a0\u00bb][\/vc_column_inner][vc_column_inner width=\u00a0\u00bb3\/5&Prime;]<div class=\"norebro-heading-sc heading text-left\"\n\tid=\"norebro-custom-69f299c5b45ea\" \n\t \n\t>\n\t\n\t\n\t\n\t<h2 class=\"title\">\n\t\tOffres & Packages\t<\/h2>\n\n\t\n\t\t\t<p class=\"subtitle\">\n\t\t\t\t\t<\/p>\n\t\t\n<\/div><div class=\"norebro-heading-sc heading text-left\"\n\tid=\"norebro-custom-69f299c5b46f8\" \n\t \n\t>\n\t\n\t\n\t\n\t<h3 class=\"title\">\n\t\tNos diff\u00e9rentes offres et package\t<\/h3>\n\n\t\n\t\t\t<p class=\"subtitle\">\n\t\t\t\t\t<\/p>\n\t\t\n<\/div><div class=\"norebro-text-sc no-padding\" \n\tid=\"norebro-custom-69f299c5b480d\" \n\t \n\t>\n\n\t<p>Plongez dans une exp\u00e9rience unique o\u00f9 chaque d\u00e9tail a \u00e9t\u00e9 pens\u00e9 pour vous offrir le summum de la satisfaction. Ne manquez pas l&rsquo;opportunit\u00e9 de vivre une aventure inoubliable. Explorez nos offres d\u00e8s maintenant et laissez-vous s\u00e9duire par l&rsquo;excellence qui vous attend.<\/p>\n\t\n<\/div>[vc_empty_space height=\u00a0\u00bb20px\u00a0\u00bb][vc_btn title=\u00a0\u00bbOFFRES &amp; PACKAGES\u00a0\u00bb style=\u00a0\u00bboutline\u00a0\u00bb shape=\u00a0\u00bbsquare\u00a0\u00bb color=\u00a0\u00bbinverse\u00a0\u00bb align=\u00a0\u00bbleft\u00a0\u00bb i_icon_fontawesome=\u00a0\u00bbfa fa-gift\u00a0\u00bb add_icon=\u00a0\u00bbtrue\u00a0\u00bb link=\u00a0\u00bburl:https%3A%2F%2Fwww.cocorico-porto.pt%2Ffr%2Fhotel%2Foffres-packages%2F|||\u00a0\u00bb][\/vc_column_inner][\/vc_row_inner]\t\n<\/div>\t\t\n\t<\/div>\n<\/div>\n[\/vc_column][\/vc_row][vc_row css=\u00a0\u00bb.vc_custom_1704884915308{background-color: rgba(14,20,0,0.02) !important;*background-color: rgb(14,20,0) !important;}\u00a0\u00bb][vc_column][vc_row_inner][vc_column_inner]<div class=\"norebro-heading-sc heading text-center\"\n\tid=\"norebro-custom-69f299c5b4921\" \n\t \n\t>\n\t\n\t\n\t\n\t<h2 class=\"title\">\n\t\tChambres & Suites\t<\/h2>\n\n\t\n\t\t\t<p class=\"subtitle\">\n\t\t\t\t\t<\/p>\n\t\t\n<\/div><div class=\"norebro-text-sc no-padding\" \n\tid=\"norebro-custom-69f299c5b4a3a\" \n\t \n\t>\n\n\t<p style=\"text-align: center;\">\u00a0Vivez l&rsquo;exp\u00e9rience de la douceur de vivre \u00e0 la fran\u00e7aise, au c\u0153ur de porto. Profitez d&rsquo;une Maison et de ses espaces de vie incomparables en plein c\u0153ur de ville !<\/p>\n\t\n<\/div>[\/vc_column_inner][\/vc_row_inner]<div class=\"norebro-slider-sc slider-wrap\">\n\t<div class=\"slider norebro-slider  full nav-inset\" \n\tid=\"norebro-custom-69f299c5b4b30\" \n\tdata-norebro-slider='{\"loop\":true,\"dots\":true,\"nav\":true,\"autoplay\":true,\"autoplayHoverPause\":true,\"autoHeight\":true,\"navContainerClass\":\"slider-nav\",\"itemsDesktop\":\"1\",\"itemsTablet\":\"1\",\"itemsMobile\":\"1\",\"slideBy\":\"1\",\"autoplayTimeout\":\"4\"}' \n\t\t>\n\n\t\t<div class=\"slider-wrap\">\n\n\t[vc_row_inner equal_height=\u00a0\u00bbyes\u00a0\u00bb content_placement=\u00a0\u00bbmiddle\u00a0\u00bb gap=\u00a0\u00bb30&Prime;][vc_column_inner width=\u00a0\u00bb3\/5&Prime;][vc_images_carousel images=\u00a0\u00bb5670778,5670781&Prime; img_size=\u00a0\u00bbfull\u00a0\u00bb wrap=\u00a0\u00bbyes\u00a0\u00bb css_animation=\u00a0\u00bbfadeIn\u00a0\u00bb][\/vc_column_inner][vc_column_inner width=\u00a0\u00bb2\/5&Prime;]<div class=\"norebro-heading-sc heading text-left\"\n\tid=\"norebro-custom-69f299c5b4cf7\" \n\t \n\t>\n\t\n\t\n\t\n\t<h2 class=\"title\">\n\t\tLes Intemporelles\t<\/h2>\n\n\t\n\t\t\t<p class=\"subtitle\">\n\t\t\t\t\t<\/p>\n\t\t\n<\/div><div class=\"norebro-heading-sc heading text-left\"\n\tid=\"norebro-custom-69f299c5b4e05\" \n\t \n\t>\n\t\n\t\n\t\n\t<h3 class=\"title\">\n\t\tChambre Sup\u00e9rieure\t<\/h3>\n\n\t\n\t\t\t<p class=\"subtitle\">\n\t\t\t\t\t<\/p>\n\t\t\n<\/div><div class=\"norebro-text-sc no-padding\" \n\tid=\"norebro-custom-69f299c5b4f24\" \n\t \n\t>\n\n\t<p>Ces\u00a0chambres vous promettent 35m2 de douceur de vivre \u00e0 la Fran\u00e7aise, au c\u0153ur du quartier artistique de Porto \u2026 Avec leurs\u00a0salles de bain spacieuses et confortables, vivez un s\u00e9jour unique \u00e0 Cocorico !<\/p>\n\t\n<\/div>[vc_empty_space height=\u00a0\u00bb20px\u00a0\u00bb][vc_btn title=\u00a0\u00bbR\u00c9SERVER\u00a0\u00bb style=\u00a0\u00bboutline\u00a0\u00bb shape=\u00a0\u00bbsquare\u00a0\u00bb color=\u00a0\u00bbinverse\u00a0\u00bb align=\u00a0\u00bbleft\u00a0\u00bb i_icon_fontawesome=\u00a0\u00bbfa fa-bed\u00a0\u00bb add_icon=\u00a0\u00bbtrue\u00a0\u00bb link=\u00a0\u00bburl:https%3A%2F%2Fwww.cocorico-porto.pt%2Ffr%2Fhotel%2Fchambres-suites%2F||target:%20_blank|\u00a0\u00bb][\/vc_column_inner][\/vc_row_inner]\t\n<\/div><div class=\"slider-wrap\">\n\n\t[vc_row_inner equal_height=\u00a0\u00bbyes\u00a0\u00bb content_placement=\u00a0\u00bbmiddle\u00a0\u00bb gap=\u00a0\u00bb30&Prime;][vc_column_inner width=\u00a0\u00bb3\/5&Prime;][vc_images_carousel images=\u00a0\u00bb5670763,5670760&Prime; img_size=\u00a0\u00bbfull\u00a0\u00bb wrap=\u00a0\u00bbyes\u00a0\u00bb css_animation=\u00a0\u00bbfadeIn\u00a0\u00bb][\/vc_column_inner][vc_column_inner width=\u00a0\u00bb2\/5&Prime;]<div class=\"norebro-heading-sc heading text-left\"\n\tid=\"norebro-custom-69f299c5b509f\" \n\t \n\t>\n\t\n\t\n\t\n\t<h2 class=\"title\">\n\t\tLes Merveilleuses\t<\/h2>\n\n\t\n\t\t\t<p class=\"subtitle\">\n\t\t\t\t\t<\/p>\n\t\t\n<\/div><div class=\"norebro-heading-sc heading text-left\"\n\tid=\"norebro-custom-69f299c5b51a2\" \n\t \n\t>\n\t\n\t\n\t\n\t<h3 class=\"title\">\n\t\tChambre Deluxe\t<\/h3>\n\n\t\n\t\t\t<p class=\"subtitle\">\n\t\t\t\t\t<\/p>\n\t\t\n<\/div><div class=\"norebro-text-sc no-padding\" \n\tid=\"norebro-custom-69f299c5b52ad\" \n\t \n\t>\n\n\t<p>D\u00e9couvrez ces\u00a0chambres de 49m2 aux tonalit\u00e9s \u00e9l\u00e9gantes\u00a0pour une immersion imm\u00e9diate dans la ville de Porto \u2026 Un nid d\u2019amour au sommet de Cocorico !<\/p>\n\t\n<\/div>[vc_empty_space height=\u00a0\u00bb20px\u00a0\u00bb][vc_btn title=\u00a0\u00bbR\u00c9SERVER\u00a0\u00bb style=\u00a0\u00bboutline\u00a0\u00bb shape=\u00a0\u00bbsquare\u00a0\u00bb color=\u00a0\u00bbinverse\u00a0\u00bb align=\u00a0\u00bbleft\u00a0\u00bb i_icon_fontawesome=\u00a0\u00bbfa fa-bed\u00a0\u00bb add_icon=\u00a0\u00bbtrue\u00a0\u00bb link=\u00a0\u00bburl:https%3A%2F%2Fwww.cocorico-porto.pt%2Ffr%2Fhotel%2Fchambres-suites%2F||target:%20_blank|\u00a0\u00bb][\/vc_column_inner][\/vc_row_inner]\t\n<\/div><div class=\"slider-wrap\">\n\n\t[vc_row_inner equal_height=\u00a0\u00bbyes\u00a0\u00bb content_placement=\u00a0\u00bbmiddle\u00a0\u00bb gap=\u00a0\u00bb30&Prime;][vc_column_inner width=\u00a0\u00bb3\/5&Prime;][vc_images_carousel images=\u00a0\u00bb5670769,5670766&Prime; img_size=\u00a0\u00bbfull\u00a0\u00bb wrap=\u00a0\u00bbyes\u00a0\u00bb css_animation=\u00a0\u00bbfadeIn\u00a0\u00bb][\/vc_column_inner][vc_column_inner width=\u00a0\u00bb2\/5&Prime;]<div class=\"norebro-heading-sc heading text-left\"\n\tid=\"norebro-custom-69f299c5b5428\" \n\t \n\t>\n\t\n\t\n\t\n\t<h2 class=\"title\">\n\t\tLes Suites Merveilleuses\t<\/h2>\n\n\t\n\t\t\t<p class=\"subtitle\">\n\t\t\t\t\t<\/p>\n\t\t\n<\/div><div class=\"norebro-heading-sc heading text-left\"\n\tid=\"norebro-custom-69f299c5b5529\" \n\t \n\t>\n\t\n\t\n\t\n\t<h3 class=\"title\">\n\t\tSuite familiale\t<\/h3>\n\n\t\n\t\t\t<p class=\"subtitle\">\n\t\t\t\t\t<\/p>\n\t\t\n<\/div><div class=\"norebro-text-sc no-padding\" \n\tid=\"norebro-custom-69f299c5b5633\" \n\t \n\t>\n\n\t<p>Entrez dans l\u2019univers chaleureux et ensoleill\u00e9 de ces suites de 60m2, pour un s\u00e9jour entre amis ou en famille \u2026 Avec la puret\u00e9 du blanc et les touches acidul\u00e9es, c\u2019est la promesse d\u2019un voyage au c\u0153ur de Porto !<\/p>\n\t\n<\/div>[vc_empty_space height=\u00a0\u00bb20px\u00a0\u00bb][vc_btn title=\u00a0\u00bbR\u00c9SERVER\u00a0\u00bb style=\u00a0\u00bboutline\u00a0\u00bb shape=\u00a0\u00bbsquare\u00a0\u00bb color=\u00a0\u00bbinverse\u00a0\u00bb align=\u00a0\u00bbleft\u00a0\u00bb i_icon_fontawesome=\u00a0\u00bbfa fa-bed\u00a0\u00bb add_icon=\u00a0\u00bbtrue\u00a0\u00bb link=\u00a0\u00bburl:https%3A%2F%2Fwww.cocorico-porto.pt%2Ffr%2Fhotel%2Fchambres-suites%2F||target:%20_blank|\u00a0\u00bb][\/vc_column_inner][\/vc_row_inner]\t\n<\/div><div class=\"slider-wrap\">\n\n\t[vc_row_inner equal_height=\u00a0\u00bbyes\u00a0\u00bb content_placement=\u00a0\u00bbmiddle\u00a0\u00bb gap=\u00a0\u00bb30&Prime;][vc_column_inner width=\u00a0\u00bb3\/5&Prime;][vc_images_carousel images=\u00a0\u00bb5670775,5670772&Prime; img_size=\u00a0\u00bbfull\u00a0\u00bb wrap=\u00a0\u00bbyes\u00a0\u00bb css_animation=\u00a0\u00bbfadeIn\u00a0\u00bb][\/vc_column_inner][vc_column_inner width=\u00a0\u00bb2\/5&Prime;]<div class=\"norebro-heading-sc heading text-left\"\n\tid=\"norebro-custom-69f299c5b57af\" \n\t \n\t>\n\t\n\t\n\t\n\t<h2 class=\"title\">\n\t\tLa Suite Mill\u00e9sime\t<\/h2>\n\n\t\n\t\t\t<p class=\"subtitle\">\n\t\t\t\t\t<\/p>\n\t\t\n<\/div><div class=\"norebro-heading-sc heading text-left\"\n\tid=\"norebro-custom-69f299c5b58b3\" \n\t \n\t>\n\t\n\t\n\t\n\t<h3 class=\"title\">\n\t\tSuite pr\u00e9sidentielle\t<\/h3>\n\n\t\n\t\t\t<p class=\"subtitle\">\n\t\t\t\t\t<\/p>\n\t\t\n<\/div><div class=\"norebro-text-sc no-padding\" \n\tid=\"norebro-custom-69f299c5b59bb\" \n\t \n\t>\n\n\t<p>Entrez dans l\u2019univers chaleureux et ensoleill\u00e9 de cette suite de 70m2, pour un s\u00e9jour entre amis ou en famille \u2026 Avec la puret\u00e9 du blanc et les touches acidul\u00e9es, c\u2019est la promesse d\u2019un voyage au c\u0153ur de Porto !<\/p>\n\t\n<\/div>[vc_empty_space height=\u00a0\u00bb20px\u00a0\u00bb][vc_btn title=\u00a0\u00bbR\u00c9SERVER\u00a0\u00bb style=\u00a0\u00bboutline\u00a0\u00bb shape=\u00a0\u00bbsquare\u00a0\u00bb color=\u00a0\u00bbinverse\u00a0\u00bb align=\u00a0\u00bbleft\u00a0\u00bb i_icon_fontawesome=\u00a0\u00bbfa fa-bed\u00a0\u00bb add_icon=\u00a0\u00bbtrue\u00a0\u00bb link=\u00a0\u00bburl:https%3A%2F%2Fwww.cocorico-porto.pt%2Ffr%2Fhotel%2Fchambres-suites%2F||target:%20_blank|\u00a0\u00bb][\/vc_column_inner][\/vc_row_inner]\t\n<\/div>\t\t\n\t<\/div>\n<\/div>\n[\/vc_column][\/vc_row][vc_row][vc_column][vc_row_inner][vc_column_inner]<div class=\"norebro-heading-sc heading text-center\"\n\tid=\"norebro-custom-69f299c5b5aca\" \n\t \n\t>\n\t\n\t\n\t\n\t<h3 class=\"title\">\n\t\tLes espaces de vie\t<\/h3>\n\n\t\n\t\t\t<p class=\"subtitle\">\n\t\t\t\t\t<\/p>\n\t\t\n<\/div>[vc_empty_space height=\u00a0\u00bb20px\u00a0\u00bb][\/vc_column_inner][\/vc_row_inner]<div class=\"norebro-slider-sc slider-wrap\">\n\t<div class=\"slider norebro-slider  full nav-inset\" \n\tid=\"norebro-custom-69f299c5b5bd2\" \n\tdata-norebro-slider='{\"loop\":true,\"dots\":true,\"nav\":true,\"autoplay\":true,\"autoplayHoverPause\":true,\"autoHeight\":true,\"navContainerClass\":\"slider-nav\",\"itemsDesktop\":\"1\",\"itemsTablet\":\"1\",\"itemsMobile\":\"1\",\"slideBy\":\"1\",\"autoplayTimeout\":\"4\"}' \n\t\t>\n\n\t\t<div class=\"slider-wrap\">\n\n\t[vc_row_inner equal_height=\u00a0\u00bbyes\u00a0\u00bb content_placement=\u00a0\u00bbmiddle\u00a0\u00bb gap=\u00a0\u00bb30&Prime; el_class=\u00a0\u00bbdesktop\u00a0\u00bb][vc_column_inner width=\u00a0\u00bb3\/5&Prime;]<div class=\"norebro-heading-sc heading text-left\"\n\tid=\"norebro-custom-69f299c5b5dae\" \n\t \n\t>\n\t\n\t\n\t\n\t<h2 class=\"title\">\n\t\tNouvelle vague\t<\/h2>\n\n\t\n\t\t\t<p class=\"subtitle\">\n\t\t\t\t\t<\/p>\n\t\t\n<\/div><div class=\"norebro-heading-sc heading text-left\"\n\tid=\"norebro-custom-69f299c5b5eb4\" \n\t \n\t>\n\t\n\t\n\t\n\t<h3 class=\"title\">\n\t\tDistractions culinaires\t<\/h3>\n\n\t\n\t\t\t<p class=\"subtitle\">\n\t\t\t\t\t<\/p>\n\t\t\n<\/div><div class=\"norebro-text-sc no-padding\" \n\tid=\"norebro-custom-69f299c5b5fcf\" \n\t \n\t>\n\n\t<p class=\"p1\">D\u00e9couvrez notre concept de bar \u00e0 tapas,\u00a0au c\u0153ur de Porto\u2026<\/p>\n<p class=\"p1\">Installez-vous et appr\u00e9ciez de vivre \u00e0 la Fran\u00e7aise \u00e0 travers des collations\u00a0gourmande et g\u00e9n\u00e9reuse\u00a0!<br \/>\nParcourez les\u00a0recettes traditionnelles\u00a0de France et du Portugal, toujours revisit\u00e9es avec finesse\u2026 dans un cadre atypique.<br \/>\nUn bistrot \u00e0 la parisienne, dans le quartier artistique de Porto\u2026<\/p>\n<p class=\"p1\">Ouvert du mardi \u00e0 samedi de 17H00 \u00e0 22H00 !<\/p>\n\t\n<\/div>[vc_empty_space height=\u00a0\u00bb20px\u00a0\u00bb][vc_btn title=\u00a0\u00bbVOIR LA CARTE\u00a0\u00bb style=\u00a0\u00bboutline\u00a0\u00bb shape=\u00a0\u00bbsquare\u00a0\u00bb color=\u00a0\u00bbinverse\u00a0\u00bb align=\u00a0\u00bbleft\u00a0\u00bb i_icon_fontawesome=\u00a0\u00bbfa fa-cutlery\u00a0\u00bb add_icon=\u00a0\u00bbtrue\u00a0\u00bb link=\u00a0\u00bburl:https%3A%2F%2Fwww.flipsnack.com%2Fmagazinemillesime%2Fcarte-du-restaurant-cocorico-porto%2Ffull-view.html||target:%20_blank|\u00a0\u00bb][\/vc_column_inner][vc_column_inner width=\u00a0\u00bb2\/5&Prime;][vc_single_image image=\u00a0\u00bb5670787&Prime; img_size=\u00a0\u00bbfull\u00a0\u00bb alignment=\u00a0\u00bbcenter\u00a0\u00bb][\/vc_column_inner][\/vc_row_inner][vc_row_inner equal_height=\u00a0\u00bbyes\u00a0\u00bb content_placement=\u00a0\u00bbmiddle\u00a0\u00bb gap=\u00a0\u00bb30&Prime; el_class=\u00a0\u00bbmobile\u00a0\u00bb][vc_column_inner width=\u00a0\u00bb3\/5&Prime;][vc_single_image image=\u00a0\u00bb5670787&Prime; img_size=\u00a0\u00bbfull\u00a0\u00bb alignment=\u00a0\u00bbcenter\u00a0\u00bb][\/vc_column_inner][vc_column_inner width=\u00a0\u00bb2\/5&Prime;]<div class=\"norebro-heading-sc heading text-left\"\n\tid=\"norebro-custom-69f299c5b60b7\" \n\t \n\t>\n\t\n\t\n\t\n\t<h2 class=\"title\">\n\t\tNouvelle vague\t<\/h2>\n\n\t\n\t\t\t<p class=\"subtitle\">\n\t\t\t\t\t<\/p>\n\t\t\n<\/div><div class=\"norebro-heading-sc heading text-left\"\n\tid=\"norebro-custom-69f299c5b61ba\" \n\t \n\t>\n\t\n\t\n\t\n\t<h3 class=\"title\">\n\t\tDistractions culinaires\t<\/h3>\n\n\t\n\t\t\t<p class=\"subtitle\">\n\t\t\t\t\t<\/p>\n\t\t\n<\/div><div class=\"norebro-text-sc no-padding\" \n\tid=\"norebro-custom-69f299c5b62d3\" \n\t \n\t>\n\n\t<p class=\"p1\">D\u00e9couvrez notre concept de bar \u00e0 tapas,\u00a0au c\u0153ur de Porto\u2026<\/p>\n<p class=\"p1\">Installez-vous et appr\u00e9ciez de vivre \u00e0 la Fran\u00e7aise \u00e0 travers des collations\u00a0gourmande et g\u00e9n\u00e9reuse\u00a0!<br \/>\nParcourez les\u00a0recettes traditionnelles\u00a0de France et du Portugal, toujours revisit\u00e9es avec finesse\u2026 dans un cadre atypique.<br \/>\nUn bistrot \u00e0 la parisienne, dans le quartier artistique de Porto\u2026<\/p>\n<p class=\"p1\">Ouvert du mardi \u00e0 samedi de 17H00 \u00e0 22H00 !<\/p>\n\t\n<\/div>[vc_empty_space height=\u00a0\u00bb20px\u00a0\u00bb][vc_btn title=\u00a0\u00bbVOIR LA CARTE\u00a0\u00bb style=\u00a0\u00bboutline\u00a0\u00bb shape=\u00a0\u00bbsquare\u00a0\u00bb color=\u00a0\u00bbinverse\u00a0\u00bb align=\u00a0\u00bbleft\u00a0\u00bb i_icon_fontawesome=\u00a0\u00bbfa fa-cutlery\u00a0\u00bb add_icon=\u00a0\u00bbtrue\u00a0\u00bb link=\u00a0\u00bburl:https%3A%2F%2Fwww.flipsnack.com%2Fmagazinemillesime%2Fcarte-du-restaurant-cocorico-porto%2Ffull-view.html||target:%20_blank|\u00a0\u00bb][\/vc_column_inner][\/vc_row_inner]\t\n<\/div><div class=\"slider-wrap\">\n\n\t[vc_row_inner equal_height=\u00a0\u00bbyes\u00a0\u00bb content_placement=\u00a0\u00bbmiddle\u00a0\u00bb gap=\u00a0\u00bb30&Prime; el_class=\u00a0\u00bbdesktop\u00a0\u00bb][vc_column_inner width=\u00a0\u00bb3\/5&Prime;]<div class=\"norebro-heading-sc heading text-left\"\n\tid=\"norebro-custom-69f299c5b6465\" \n\t \n\t>\n\t\n\t\n\t\n\t<h2 class=\"title\">\n\t\tLe Patio\t<\/h2>\n\n\t\n\t\t\t<p class=\"subtitle\">\n\t\t\t\t\t<\/p>\n\t\t\n<\/div><div class=\"norebro-heading-sc heading text-left\"\n\tid=\"norebro-custom-69f299c5b656c\" \n\t \n\t>\n\t\n\t\n\t\n\t<h3 class=\"title\">\n\t\tUn espace rafraichissant & ombrag\u00e9\t<\/h3>\n\n\t\n\t\t\t<p class=\"subtitle\">\n\t\t\t\t\t<\/p>\n\t\t\n<\/div><div class=\"norebro-text-sc no-padding\" \n\tid=\"norebro-custom-69f299c5b6693\" \n\t \n\t>\n\n\t<p>Lieu de rencontre et de douceur en plein centre ville de porto o\u00f9 les concerts de Fado, ap\u00e9ritifs, rencontres et brunch s&rsquo;organisent. Par beau temps, vous pourrez vous y relaxer pleinement. D\u00e9couvrez de patio de Cocorico, \u00e0\u00a05 minutes \u00e0 pied de la cath\u00e9drale de Porto, du march\u00e9 de Bolh\u00e3o et de l&#8217;embl\u00e9matique Caf\u00e9 Majestic.<\/p>\n<p>Le th\u00e9\u00e2tre national S\u00e3o Jo\u00e3o est \u00e0 seulement 1 minute de marche.<\/p>\n\t\n<\/div>[vc_empty_space height=\u00a0\u00bb20px\u00a0\u00bb][vc_btn title=\u00a0\u00bbDEMANDE DE R\u00c9SERVATION\u00a0\u00bb style=\u00a0\u00bboutline\u00a0\u00bb shape=\u00a0\u00bbsquare\u00a0\u00bb color=\u00a0\u00bbinverse\u00a0\u00bb align=\u00a0\u00bbleft\u00a0\u00bb i_icon_fontawesome=\u00a0\u00bbfa fa-cutlery\u00a0\u00bb add_icon=\u00a0\u00bbtrue\u00a0\u00bb link=\u00a0\u00bburl:mailto%3Acontacto%40cocoricoporto.com||target:%20_blank|\u00a0\u00bb][\/vc_column_inner][vc_column_inner width=\u00a0\u00bb2\/5&Prime;][vc_single_image image=\u00a0\u00bb5670793&Prime; img_size=\u00a0\u00bbfull\u00a0\u00bb alignment=\u00a0\u00bbcenter\u00a0\u00bb][\/vc_column_inner][\/vc_row_inner][vc_row_inner equal_height=\u00a0\u00bbyes\u00a0\u00bb content_placement=\u00a0\u00bbmiddle\u00a0\u00bb gap=\u00a0\u00bb30&Prime; el_class=\u00a0\u00bbmobile\u00a0\u00bb][vc_column_inner width=\u00a0\u00bb3\/5&Prime;][vc_single_image image=\u00a0\u00bb5670793&Prime; img_size=\u00a0\u00bbfull\u00a0\u00bb alignment=\u00a0\u00bbcenter\u00a0\u00bb][\/vc_column_inner][vc_column_inner width=\u00a0\u00bb2\/5&Prime;]<div class=\"norebro-heading-sc heading text-left\"\n\tid=\"norebro-custom-69f299c5b677d\" \n\t \n\t>\n\t\n\t\n\t\n\t<h2 class=\"title\">\n\t\tLe Patio\t<\/h2>\n\n\t\n\t\t\t<p class=\"subtitle\">\n\t\t\t\t\t<\/p>\n\t\t\n<\/div><div class=\"norebro-heading-sc heading text-left\"\n\tid=\"norebro-custom-69f299c5b6887\" \n\t \n\t>\n\t\n\t\n\t\n\t<h3 class=\"title\">\n\t\tUn espace rafraichissant & ombrag\u00e9\t<\/h3>\n\n\t\n\t\t\t<p class=\"subtitle\">\n\t\t\t\t\t<\/p>\n\t\t\n<\/div><div class=\"norebro-text-sc no-padding\" \n\tid=\"norebro-custom-69f299c5b699e\" \n\t \n\t>\n\n\t<p>Lieu de rencontre et de douceur en plein centre ville de porto o\u00f9 les concerts de Fado, ap\u00e9ritifs, rencontres et brunch s&rsquo;organisent. Par beau temps, vous pourrez vous y relaxer pleinement. D\u00e9couvrez de patio de Cocorico, \u00e0\u00a05 minutes \u00e0 pied de la cath\u00e9drale de Porto, du march\u00e9 de Bolh\u00e3o et de l&#8217;embl\u00e9matique Caf\u00e9 Majestic.<\/p>\n<p>Le th\u00e9\u00e2tre national S\u00e3o Jo\u00e3o est \u00e0 seulement 1 minute de marche.<\/p>\n\t\n<\/div>[vc_empty_space height=\u00a0\u00bb20px\u00a0\u00bb][vc_btn title=\u00a0\u00bbDEMANDE DE R\u00c9SERVATION\u00a0\u00bb style=\u00a0\u00bboutline\u00a0\u00bb shape=\u00a0\u00bbsquare\u00a0\u00bb color=\u00a0\u00bbinverse\u00a0\u00bb align=\u00a0\u00bbleft\u00a0\u00bb i_icon_fontawesome=\u00a0\u00bbfa fa-cutlery\u00a0\u00bb add_icon=\u00a0\u00bbtrue\u00a0\u00bb link=\u00a0\u00bburl:mailto%3Acontacto%40cocoricoporto.com||target:%20_blank|\u00a0\u00bb][\/vc_column_inner][\/vc_row_inner]\t\n<\/div><div class=\"slider-wrap\">\n\n\t[vc_row_inner equal_height=\u00a0\u00bbyes\u00a0\u00bb content_placement=\u00a0\u00bbmiddle\u00a0\u00bb gap=\u00a0\u00bb30&Prime; el_class=\u00a0\u00bbdesktop\u00a0\u00bb][vc_column_inner width=\u00a0\u00bb3\/5&Prime;]<div class=\"norebro-heading-sc heading text-left\"\n\tid=\"norebro-custom-69f299c5b6b4c\" \n\t \n\t>\n\t\n\t\n\t\n\t<h2 class=\"title\">\n\t\tBar \u00e0 Tapas\t<\/h2>\n\n\t\n\t\t\t<p class=\"subtitle\">\n\t\t\t\t\t<\/p>\n\t\t\n<\/div><div class=\"norebro-heading-sc heading text-left\"\n\tid=\"norebro-custom-69f299c5b6c5b\" \n\t \n\t>\n\t\n\t\n\t\n\t<h3 class=\"title\">\n\t\tDes cocktails signatures\t<\/h3>\n\n\t\n\t\t\t<p class=\"subtitle\">\n\t\t\t\t\t<\/p>\n\t\t\n<\/div><div class=\"norebro-text-sc no-padding\" \n\tid=\"norebro-custom-69f299c5b6d7b\" \n\t \n\t>\n\n\t<p>D\u00e9couvrez, un cocktail \u00e0 la main, un bar intime et atypique !<\/p>\n<p>De nos cocktails cr\u00e9ations en passant par notre s\u00e9lection de vins fran\u00e7ais et portugais, une soir\u00e9e enivrante vous attend au c\u0153ur de Porto\u2026 \u00c0 travers sa carte, Cocorico vous fera voyager entre France et Portugal. Au menu : cocktails \u00e0 base de Porto, vins rouges, blancs, ros\u00e9s, p\u00e9tillants\u2026 Vous en verrez de toutes les couleurs. Si vous pr\u00e9f\u00e9rez les sp\u00e9cialit\u00e9s fran\u00e7aises, vous pourrez d\u00e9guster un verre de vin du Ch\u00e2teau L\u00e9ognan, fait par notre maison-m\u00e8re Mill\u00e9sime, ou champagne et autres vins.<\/p>\n<p>Ouvert du Lundi au Samedi de\u00a016H30 \u00e0 22H00<\/p>\n\t\n<\/div>[vc_empty_space height=\u00a0\u00bb20px\u00a0\u00bb][vc_btn title=\u00a0\u00bbVOIR LA CARTE\u00a0\u00bb style=\u00a0\u00bboutline\u00a0\u00bb shape=\u00a0\u00bbsquare\u00a0\u00bb color=\u00a0\u00bbinverse\u00a0\u00bb align=\u00a0\u00bbleft\u00a0\u00bb i_icon_fontawesome=\u00a0\u00bbfa fa-glass\u00a0\u00bb add_icon=\u00a0\u00bbtrue\u00a0\u00bb link=\u00a0\u00bburl:https%3A%2F%2Fwww.flipsnack.com%2Fmagazinemillesime%2Fcarte-du-restaurant-cocorico-porto%2Ffull-view.html%3Fp%3D3||target:%20_blank|\u00a0\u00bb][\/vc_column_inner][vc_column_inner width=\u00a0\u00bb2\/5&Prime;][vc_single_image image=\u00a0\u00bb5670790&Prime; img_size=\u00a0\u00bbfull\u00a0\u00bb alignment=\u00a0\u00bbcenter\u00a0\u00bb][\/vc_column_inner][\/vc_row_inner][vc_row_inner equal_height=\u00a0\u00bbyes\u00a0\u00bb content_placement=\u00a0\u00bbmiddle\u00a0\u00bb gap=\u00a0\u00bb30&Prime; el_class=\u00a0\u00bbmobile\u00a0\u00bb][vc_column_inner width=\u00a0\u00bb3\/5&Prime;][vc_single_image image=\u00a0\u00bb5670790&Prime; img_size=\u00a0\u00bbfull\u00a0\u00bb alignment=\u00a0\u00bbcenter\u00a0\u00bb][\/vc_column_inner][vc_column_inner width=\u00a0\u00bb2\/5&Prime;]<div class=\"norebro-heading-sc heading text-left\"\n\tid=\"norebro-custom-69f299c5b6e65\" \n\t \n\t>\n\t\n\t\n\t\n\t<h2 class=\"title\">\n\t\tBar \u00e0 Tapas\t<\/h2>\n\n\t\n\t\t\t<p class=\"subtitle\">\n\t\t\t\t\t<\/p>\n\t\t\n<\/div><div class=\"norebro-heading-sc heading text-left\"\n\tid=\"norebro-custom-69f299c5b6f6c\" \n\t \n\t>\n\t\n\t\n\t\n\t<h3 class=\"title\">\n\t\tDes cocktails signatures\t<\/h3>\n\n\t\n\t\t\t<p class=\"subtitle\">\n\t\t\t\t\t<\/p>\n\t\t\n<\/div><div class=\"norebro-text-sc no-padding\" \n\tid=\"norebro-custom-69f299c5b708b\" \n\t \n\t>\n\n\t<p>D\u00e9couvrez, un cocktail \u00e0 la main, un bar intime et atypique !<\/p>\n<p>De nos cocktails cr\u00e9ations en passant par notre s\u00e9lection de vins fran\u00e7ais et portugais, une soir\u00e9e enivrante vous attend au c\u0153ur de Porto\u2026 \u00c0 travers sa carte, Cocorico vous fera voyager entre France et Portugal. Au menu : cocktails \u00e0 base de Porto, vins rouges, blancs, ros\u00e9s, p\u00e9tillants\u2026 Vous en verrez de toutes les couleurs. Si vous pr\u00e9f\u00e9rez les sp\u00e9cialit\u00e9s fran\u00e7aises, vous pourrez d\u00e9guster un verre de vin du Ch\u00e2teau L\u00e9ognan, fait par notre maison-m\u00e8re Mill\u00e9sime, ou champagne et autres vins.<\/p>\n<p>Ouvert du Lundi au Samedi de\u00a016H30 \u00e0 22H00<\/p>\n\t\n<\/div>[vc_empty_space height=\u00a0\u00bb20px\u00a0\u00bb][vc_btn title=\u00a0\u00bbVOIR LA CARTE\u00a0\u00bb style=\u00a0\u00bboutline\u00a0\u00bb shape=\u00a0\u00bbsquare\u00a0\u00bb color=\u00a0\u00bbinverse\u00a0\u00bb align=\u00a0\u00bbleft\u00a0\u00bb i_icon_fontawesome=\u00a0\u00bbfa fa-glass\u00a0\u00bb add_icon=\u00a0\u00bbtrue\u00a0\u00bb link=\u00a0\u00bburl:https%3A%2F%2Fwww.flipsnack.com%2Fmagazinemillesime%2Fcarte-du-restaurant-cocorico-porto%2Ffull-view.html%3Fp%3D3||target:%20_blank|\u00a0\u00bb][\/vc_column_inner][\/vc_row_inner]\t\n<\/div>\t\t\n\t<\/div>\n<\/div>\n[\/vc_column][\/vc_row][vc_row][vc_column]<div class=\"norebro-heading-sc heading text-center\"\n\tid=\"norebro-custom-69f299c5b71bb\" \n\t \n\t>\n\t\n\t\n\t\n\t<h2 class=\"title\">\n\t\tLe Mieux-\u00eatre \u00e0 Cocorico\t<\/h2>\n\n\t\n\t\t\t<p class=\"subtitle\">\n\t\t\t\t\t<\/p>\n\t\t\n<\/div>[vc_empty_space height=\u00a0\u00bb20px\u00a0\u00bb]<div class=\"norebro-tabs-sc tab-box  tabs-center\"\n\tid=\"norebro-custom-69f299c5b72cd\" \n\tdata-norebro-tab-box=\"true\" \n\tdata-options='{}' \n\t \n\t>\n\t\n\t<div class=\"buttons-wrap\">\n\t\t<div class=\"buttons\" role=\"tablist\">\n\t\t\t\t\t\t<div class=\"line brand-bg-color\"><\/div>\n\t\t<\/div>\n\t<\/div>\n\t<div class=\"items\" role=\"tabpanel\">\n\t\t<div class=\"item\" data-title=\"MASSAGES\" id=\"1704365396229-3ba73767-7ab51704731215179\">\n\n\t[vc_single_image image=\u00a0\u00bb5670803&Prime; img_size=\u00a0\u00bbfull\u00a0\u00bb alignment=\u00a0\u00bbcenter\u00a0\u00bb][vc_row_inner content_placement=\u00a0\u00bbtop\u00a0\u00bb el_class=\u00a0\u00bbtab-row\u00a0\u00bb][vc_column_inner]<div class=\"norebro-heading-sc heading tab-text-on-image text-left\"\n\tid=\"norebro-custom-69f299c5b7506\" \n\t \n\t>\n\t\n\t\t\t<p class=\"subtitle\">\n\t\t\t\t\t<\/p>\n\t\n\t\n\t<h3 class=\"title subtitle-top\">\n\t\tLes Massages & soins \u00e0 Cocorico\t<\/h3>\n\n\t\n\t\t\n<\/div>[vc_empty_space height=\u00a0\u00bb20px\u00a0\u00bb]<div class=\"norebro-heading-sc heading tab-text-on-image text-left\"\n\tid=\"norebro-custom-69f299c5b7613\" \n\t \n\t>\n\t\n\t\t\t<p class=\"subtitle\">\n\t\t\t\t\t<\/p>\n\t\n\t\n\t<h3 class=\"title subtitle-top\">\n\t\tLES SOINS \u00c0 LA CARTE SONT DESTIN\u00c9S \u00c0 LUTTER CONTRE LES EFFETS NOCIFS DE LA VIE URBAINE.\t<\/h3>\n\n\t\n\t\t\n<\/div>[vc_empty_space height=\u00a0\u00bb20px\u00a0\u00bb]<div class=\"norebro-text-sc no-padding\" \n\tid=\"norebro-custom-69f299c5b771a\" \n\t \n\t>\n\n\t<p>Les\u00a0massages Ec(h)o sont propos\u00e9s sur r\u00e9servation, offrez-vous une v\u00e9ritable parenth\u00e8se de douceur, dans un lieu intimiste et chaleureux.<\/p>\n\t\n<\/div>[vc_empty_space height=\u00a0\u00bb20px\u00a0\u00bb][vc_btn title=\u00a0\u00bbR\u00c9SERVER\u00a0\u00bb style=\u00a0\u00bboutline\u00a0\u00bb shape=\u00a0\u00bbsquare\u00a0\u00bb color=\u00a0\u00bbwhite\u00a0\u00bb align=\u00a0\u00bbleft\u00a0\u00bb link=\u00a0\u00bburl:mailto%3Acontacto%40cocorico-porto.pt%20|||\u00a0\u00bb][\/vc_column_inner][\/vc_row_inner]\t\n<\/div><div class=\"item\" data-title=\"FITNESS\" id=\"1704451881465-87d53740-bdf81704731215179\">\n\n\t[vc_single_image image=\u00a0\u00bb5670806&Prime; img_size=\u00a0\u00bbfull\u00a0\u00bb alignment=\u00a0\u00bbcenter\u00a0\u00bb][vc_row_inner content_placement=\u00a0\u00bbtop\u00a0\u00bb el_class=\u00a0\u00bbtab-row\u00a0\u00bb][vc_column_inner]<div class=\"norebro-heading-sc heading tab-text-on-image text-left\"\n\tid=\"norebro-custom-69f299c5b78ab\" \n\t \n\t>\n\t\n\t\t\t<p class=\"subtitle\">\n\t\t\t\t\t<\/p>\n\t\n\t\n\t<h3 class=\"title subtitle-top\">\n\t\tLes activit\u00e9s sportives\t<\/h3>\n\n\t\n\t\t\n<\/div>[vc_empty_space height=\u00a0\u00bb20px\u00a0\u00bb]<div class=\"norebro-heading-sc heading tab-text-on-image text-left\"\n\tid=\"norebro-custom-69f299c5b79ab\" \n\t \n\t>\n\t\n\t\t\t<p class=\"subtitle\">\n\t\t\t\t\t<\/p>\n\t\n\t\n\t<h3 class=\"title subtitle-top\">\n\t\tLES ACTIVIT\u00c9S SUR MESURE PERMETTENT UN MAINTIEN DE VOTRE DYNAMIQUE QUOTIDIENNE\t<\/h3>\n\n\t\n\t\t\n<\/div>[vc_empty_space height=\u00a0\u00bb20px\u00a0\u00bb]<div class=\"norebro-text-sc no-padding\" \n\tid=\"norebro-custom-69f299c5b7ab5\" \n\t \n\t>\n\n\t<p>Les programmes sportifs sont propos\u00e9s sur r\u00e9servation et sur-mesure sous r\u00e9serve de disponibilit\u00e9 de notre un coach sur place.<\/p>\n\t\n<\/div>[vc_empty_space height=\u00a0\u00bb20px\u00a0\u00bb][vc_btn title=\u00a0\u00bbR\u00c9SERVER\u00a0\u00bb style=\u00a0\u00bboutline\u00a0\u00bb shape=\u00a0\u00bbsquare\u00a0\u00bb color=\u00a0\u00bbwhite\u00a0\u00bb align=\u00a0\u00bbleft\u00a0\u00bb link=\u00a0\u00bburl:mailto%3Acontacto%40cocorico-porto.pt%20|||\u00a0\u00bb][\/vc_column_inner][\/vc_row_inner]\t\n<\/div>\t<\/div>\n\t<div class=\"clear\"><\/div>\n\n<\/div>[\/vc_column][\/vc_row][vc_row][vc_column]<div class=\"norebro-heading-sc heading text-center\"\n\tid=\"norebro-custom-69f299c5b7bba\" \n\t \n\t>\n\t\n\t\n\t\n\t<h2 class=\"title\">\n\t\tVos \u00e9v\u00e8nements\t<\/h2>\n\n\t\n\t\t\t<p class=\"subtitle\">\n\t\t\t\t\t<\/p>\n\t\t\n<\/div><div class=\"norebro-tabs-sc tab-box  tabs-center\"\n\tid=\"norebro-custom-69f299c5b7cc5\" \n\tdata-norebro-tab-box=\"true\" \n\tdata-options='{}' \n\t \n\t>\n\t\n\t<div class=\"buttons-wrap\">\n\t\t<div class=\"buttons\" role=\"tablist\">\n\t\t\t\t\t\t<div class=\"line brand-bg-color\"><\/div>\n\t\t<\/div>\n\t<\/div>\n\t<div class=\"items\" role=\"tabpanel\">\n\t\t<div class=\"item\" data-title=\"PRIV\u00c9S\" id=\"1704365668174-da08f847-60e91704731216855\">\n\n\t[vc_row_inner equal_height=\u00a0\u00bbyes\u00a0\u00bb content_placement=\u00a0\u00bbmiddle\u00a0\u00bb gap=\u00a0\u00bb20&Prime;][vc_column_inner width=\u00a0\u00bb3\/5&Prime;][vc_single_image image=\u00a0\u00bb5670837&Prime; img_size=\u00a0\u00bbfull\u00a0\u00bb alignment=\u00a0\u00bbcenter\u00a0\u00bb][\/vc_column_inner][vc_column_inner width=\u00a0\u00bb2\/5&Prime;]<div class=\"norebro-heading-sc heading text-left\"\n\tid=\"norebro-custom-69f299c5b7e81\" \n\t \n\t>\n\t\n\t\t\t<p class=\"subtitle\">\n\t\t\t\t\t<\/p>\n\t\n\t\n\t<h3 class=\"title subtitle-top\">\n\t\tVos \u00e9v\u00e8nements\t<\/h3>\n\n\t\n\t\t\n<\/div><div class=\"norebro-heading-sc heading text-left\"\n\tid=\"norebro-custom-69f299c5b7f88\" \n\t \n\t>\n\t\n\t\n\t\n\t<h3 class=\"title\">\n\t\tD\u00e9couvrez plus en d\u00e9tails comment organiser vos diff\u00e9rents \u00e9v\u00e9nements au sein de notre magnifique Maison Cocorico :\t<\/h3>\n\n\t\n\t\t\n<\/div><div class=\"norebro-text-sc no-padding-2\" \n\tid=\"norebro-custom-69f299c5b809d\" \n\t \n\t>\n\n\t<p>Embarquez pour un voyage de d\u00e9couvertes dans lequel vous vous sentirez comme chez vous, un univers que vous n\u2019aurez plus envie de quitter\u2026 Un Savoir-faire sur-mesure qui vous permettra de m\u00e9ticuleusement organiser vos r\u00e9unions priv\u00e9es, mariages ou\u00a0 anniversaires !<\/p>\n\t\n<\/div>[vc_btn title=\u00a0\u00bbR\u00c9SERVER\u00a0\u00bb style=\u00a0\u00bboutline\u00a0\u00bb shape=\u00a0\u00bbsquare\u00a0\u00bb color=\u00a0\u00bbinverse\u00a0\u00bb align=\u00a0\u00bbleft\u00a0\u00bb link=\u00a0\u00bburl:mailto%3Acontacto%40cocoricoporto.com||target:%20_blank|\u00a0\u00bb][\/vc_column_inner][\/vc_row_inner]\t\n<\/div><div class=\"item\" data-title=\"S\u00c9MINAIRES\" id=\"1704449090235-f35f3bee-5e051704731216855\">\n\n\t[vc_row_inner equal_height=\u00a0\u00bbyes\u00a0\u00bb content_placement=\u00a0\u00bbmiddle\u00a0\u00bb gap=\u00a0\u00bb20&Prime;][vc_column_inner width=\u00a0\u00bb3\/5&Prime;][vc_single_image image=\u00a0\u00bb5670840&Prime; img_size=\u00a0\u00bbfull\u00a0\u00bb alignment=\u00a0\u00bbcenter\u00a0\u00bb][\/vc_column_inner][vc_column_inner width=\u00a0\u00bb2\/5&Prime;]<div class=\"norebro-heading-sc heading text-left\"\n\tid=\"norebro-custom-69f299c5b8226\" \n\t \n\t>\n\t\n\t\t\t<p class=\"subtitle\">\n\t\t\t\t\t<\/p>\n\t\n\t\n\t<h3 class=\"title subtitle-top\">\n\t\tS\u00e9minaires\t<\/h3>\n\n\t\n\t\t\n<\/div><div class=\"norebro-heading-sc heading text-left\"\n\tid=\"norebro-custom-69f299c5b8327\" \n\t \n\t>\n\t\n\t\n\t\n\t<h3 class=\"title\">\n\t\tUn univers confidentiel, original et \u00e9l\u00e9gant au c\u0153ur de la ville\t<\/h3>\n\n\t\n\t\t\n<\/div><div class=\"norebro-text-sc no-padding-2\" \n\tid=\"norebro-custom-69f299c5b843a\" \n\t \n\t>\n\n\t<p>Entre arri\u00e8re-pays et oc\u00e9an, \u00e0 Anglet, Brindos Lac &amp; Ch\u00e2teau vous accueille dans un \u00e9crin de verdure. D\u00e9couvrez plus en d\u00e9tails comment organiser vos diff\u00e9rents \u00e9v\u00e9nements au sein de notre magnifique Domaine de Brindos.<\/p>\n\t\n<\/div>[vc_btn title=\u00a0\u00bbR\u00c9SERVER\u00a0\u00bb style=\u00a0\u00bboutline\u00a0\u00bb shape=\u00a0\u00bbsquare\u00a0\u00bb color=\u00a0\u00bbinverse\u00a0\u00bb align=\u00a0\u00bbleft\u00a0\u00bb link=\u00a0\u00bburl:mailto%3Acontacto%40cocoricoporto.com%20||target:%20_blank|\u00a0\u00bb][\/vc_column_inner][\/vc_row_inner]\t\n<\/div>\t<\/div>\n\t<div class=\"clear\"><\/div>\n\n<\/div>[\/vc_column][\/vc_row][vc_row][vc_column][vc_raw_js]JTNDc2NyaXB0JTNFJTIwJTIwJTIwJTIwJTIwJTIwJTIwJTIwJTIwJTBBJTIwJTIwJTIwJTIwJTIwJTIwJTIwJTIwZnVuY3Rpb24lMjBzbW9vdGhTY3JvbGwlMjh0YXJnZXQlMjklMjAlN0IlMEElMjAlMjAlMjAlMjAlMjAlMjAlMjAlMjAlMjAlMjAlMjAlMjB2YXIlMjBlbGVtZW50JTIwJTNEJTIwZG9jdW1lbnQucXVlcnlTZWxlY3RvciUyOHRhcmdldCUyOSUzQiUwQSUyMCUyMCUyMCUyMCUyMCUyMCUyMCUyMCUyMCUyMCUyMCUyMHdpbmRvdy5zY3JvbGxUbyUyOCU3QiUwQSUyMCUyMCUyMCUyMCUyMCUyMCUyMCUyMCUyMCUyMCUyMCUyMCUyMCUyMCUyMCUyMGJlaGF2aW9yJTNBJTIwJTI3c21vb3RoJTI3JTJDJTBBJTIwJTIwJTIwJTIwJTIwJTIwJTIwJTIwJTIwJTIwJTIwJTIwJTIwJTIwJTIwJTIwdG9wJTNBJTIwZWxlbWVudC5vZmZzZXRUb3AlMEElMjAlMjAlMjAlMjAlMjAlMjAlMjAlMjAlMjAlMjAlMjAlMjAlN0QlMjklM0IlMEElMjAlMjAlMjAlMjAlMjAlMjAlMjAlMjAlN0QlMEElM0MlMkZzY3JpcHQlM0U=[\/vc_raw_js][\/vc_column][\/vc_row][vc_row disable_element=\u00a0\u00bbyes\u00a0\u00bb][vc_column]<div class=\"norebro-heading-sc heading entry-page text-center\"\n\tid=\"norebro-custom-69f299c5b853c\" \n\t \n\t>\n\t\n\t\n\t\n\t<h1 class=\"title\">\n\t\tPorto par Mill\u00e9sime\t<\/h1>\n\n\t\n\t\t\n<\/div>[vc_empty_space height=\u00a0\u00bb40px\u00a0\u00bb][\/vc_column][\/vc_row][vc_row css_animation=\u00a0\u00bbfadeInUp\u00a0\u00bb disable_element=\u00a0\u00bbyes\u00a0\u00bb][vc_column el_class=\u00a0\u00bbdivider-large\u00a0\u00bb]<div class=\"norebro-heading-sc heading entry-page text-center\"\n\tid=\"norebro-custom-69f299c5b8643\" \n\t \n\t>\n\t\n\t\n\t\n\t<h2 class=\"title\">\n\t\t\u00ab Une maison Portugaise accentu\u00e9e de touches Fran\u00e7aises ! \nAvec ses 10 chambres toutes plus charmantes et confortables ainsi que son bistrot gourmand, cette adresse au c\u0153ur de Porto vous fera voyager ... \u00bb\t<\/h2>\n\n\t\n\t\t\n<\/div>[vc_empty_space height=\u00a0\u00bb20px\u00a0\u00bb][vc_btn title=\u00a0\u00bbCARNET DE VOYAGE\u00a0\u00bb shape=\u00a0\u00bbsquare\u00a0\u00bb color=\u00a0\u00bbinverse\u00a0\u00bb align=\u00a0\u00bbcenter\u00a0\u00bb link=\u00a0\u00bburl:https%3A%2F%2Fwww.flipsnack.com%2Fmagazinemillesime%2Fcarnet_de-voyage_millesime%2Ffull-view.html|title:carnet%20de%20voyage||\u00a0\u00bb][vc_empty_space height=\u00a0\u00bb60px\u00a0\u00bb][\/vc_column][\/vc_row][vc_row disable_element=\u00a0\u00bbyes\u00a0\u00bb][vc_column css_animation=\u00a0\u00bbslideInUp\u00a0\u00bb][vc_row_inner el_class=\u00a0\u00bbnorebro-image-hover background-image\u00a0\u00bb][vc_column_inner width=\u00a0\u00bb1\/2&Prime; css=\u00a0\u00bb.vc_custom_1554108911555{padding-right: 0px !important;}\u00a0\u00bb][vc_single_image image=\u00a0\u00bb5670339&Prime; img_size=\u00a0\u00bbfull\u00a0\u00bb onclick=\u00a0\u00bbcustom_link\u00a0\u00bb css_animation=\u00a0\u00bbfadeInLeft\u00a0\u00bb link=\u00a0\u00bbhttps:\/\/www.cocorico-porto.pt\/hotel\/\u00a0\u00bb][vc_empty_space height=\u00a0\u00bb20px\u00a0\u00bb]<div class=\"norebro-text-sc \" \n\tid=\"norebro-custom-69f299c5b8753\" \n\t \n\t>\n\n\t<p style=\"text-align: center;\"><strong>Craquez pour un s\u00e9jour \u00e0 Porto, dans nos chambres et suites, toutes habill\u00e9es des plus beaux voilages &#8230;<\/strong> Une r\u00e9elle douceur de vivre \u00e0 la fran\u00e7aise, dans le quartier le plus charmant de Porto !<\/p>\n\t\n<\/div><div class=\"norebro-button-sc btn-wrap text-center\" \n\tid=\"norebro-custom-69f299c5b8865\"\n\t \n\t>\n\n\t<a href=\"https:\/\/www.cocorico-porto.pt\/fr\/hotel\/chambres-suites\/\" \n\t\tclass=\"btn \">\n\n\t\t\n\t\t<span class=\"text\">\n\t\t\tLes Chambres & Suites\t\t<\/span>\n\n\t\t\n\t\t\t<\/a>\n\n<\/div>[\/vc_column_inner][vc_column_inner width=\u00a0\u00bb1\/2&Prime; css=\u00a0\u00bb.vc_custom_1554108916803{padding-left: 0px !important;}\u00a0\u00bb][vc_single_image image=\u00a0\u00bb5670354&Prime; img_size=\u00a0\u00bbfull\u00a0\u00bb onclick=\u00a0\u00bbcustom_link\u00a0\u00bb css_animation=\u00a0\u00bbfadeInRight\u00a0\u00bb link=\u00a0\u00bbhttps:\/\/www.cocorico-porto.pt\/fr\/restaurant-bar\/restaurant\/\u00a0\u00bb][vc_empty_space height=\u00a0\u00bb20px\u00a0\u00bb]<div class=\"norebro-text-sc \" \n\tid=\"norebro-custom-69f299c5b8994\" \n\t \n\t>\n\n\t<p style=\"text-align: center;\"><strong>Au c\u0153ur de Porto,<\/strong> vivez un voyage culinaire au c\u0153ur de notre concept bar tapas. Laissez vos papilles danser au rythme de d\u00e9lices exquis, le tout accompagn\u00e9 d&rsquo;une ambiance chaleureuse et d&rsquo;une s\u00e9lection de boissons raffin\u00e9es !<\/p>\n\t\n<\/div><div class=\"norebro-button-sc btn-wrap text-center\" \n\tid=\"norebro-custom-69f299c5b8aa0\"\n\t \n\t>\n\n\t<a href=\"https:\/\/www.cocorico-porto.pt\/restaurant-bar\/\" \n\t\tclass=\"btn \">\n\n\t\t\n\t\t<span class=\"text\">\n\t\t\tBar \u00e0 tapas\t\t<\/span>\n\n\t\t\n\t\t\t<\/a>\n\n<\/div>[\/vc_column_inner][\/vc_row_inner][vc_empty_space height=\u00a0\u00bb40px\u00a0\u00bb][\/vc_column][\/vc_row][vc_row content_placement=\u00a0\u00bbmiddle\u00a0\u00bb disable_element=\u00a0\u00bbyes\u00a0\u00bb el_class=\u00a0\u00bbdesktop\u00a0\u00bb][vc_column width=\u00a0\u00bb1\/2&Prime;]<div class=\"norebro-heading-sc heading text-center\"\n\tid=\"norebro-custom-69f299c5b8bb7\" \n\t \n\t>\n\t\n\t\n\t\n\t<h2 class=\"title\">\n\t\tCraquez pour un s\u00e9jour \u00e0 Porto\t<\/h2>\n\n\t\n\t\t\n<\/div><div class=\"norebro-text-sc \" \n\tid=\"norebro-custom-69f299c5b8cc1\" \n\t \n\t>\n\n\t<p style=\"text-align: center;\">\u00a0Vivez l&rsquo;exp\u00e9rience de la douceur de vivre \u00e0 la fran\u00e7aise, au coeur de porto. Profitez d&rsquo;une Maison et de ses espaces de vie incomparables en plein c\u0153ur de ville !<\/p>\n\t\n<\/div>[vc_empty_space height=\u00a0\u00bb20px\u00a0\u00bb][vc_btn title=\u00a0\u00bbLES CHAMBRES\u00a0\u00bb shape=\u00a0\u00bbsquare\u00a0\u00bb color=\u00a0\u00bbinverse\u00a0\u00bb align=\u00a0\u00bbcenter\u00a0\u00bb link=\u00a0\u00bburl:https%3A%2F%2Fwww.cocorico-porto.pt%2Ffr%2Fhotel%2Fchambres-suites%2F|title:les%20chambres||\u00a0\u00bb][\/vc_column][vc_column width=\u00a0\u00bb1\/2&Prime;][vc_single_image image=\u00a0\u00bb5670653&Prime; img_size=\u00a0\u00bbfull\u00a0\u00bb alignment=\u00a0\u00bbcenter\u00a0\u00bb][\/vc_column][\/vc_row][vc_row content_placement=\u00a0\u00bbmiddle\u00a0\u00bb disable_element=\u00a0\u00bbyes\u00a0\u00bb el_class=\u00a0\u00bbmobile\u00a0\u00bb][vc_column width=\u00a0\u00bb1\/2&Prime;][vc_single_image image=\u00a0\u00bb5670653&Prime; img_size=\u00a0\u00bbfull\u00a0\u00bb alignment=\u00a0\u00bbcenter\u00a0\u00bb][\/vc_column][vc_column width=\u00a0\u00bb1\/2&Prime;]<div class=\"norebro-heading-sc heading text-center\"\n\tid=\"norebro-custom-69f299c5b8db3\" \n\t \n\t>\n\t\n\t\n\t\n\t<h2 class=\"title\">\n\t\tCraquez pour un s\u00e9jour \u00e0 Porto\t<\/h2>\n\n\t\n\t\t\t<p class=\"subtitle\">\n\t\t\t\t\t<\/p>\n\t\t\n<\/div><div class=\"norebro-text-sc \" \n\tid=\"norebro-custom-69f299c5b8ebd\" \n\t \n\t>\n\n\t<p style=\"text-align: center;\">\u00a0Vivez l&rsquo;exp\u00e9rience de la douceur de vivre \u00e0 la fran\u00e7aise, au coeur de porto. Profitez d&rsquo;une Maison et de ses espaces de vie incomparables en plein coeur de ville !<\/p>\n\t\n<\/div>[vc_empty_space height=\u00a0\u00bb20px\u00a0\u00bb][vc_btn title=\u00a0\u00bbLES CHAMBRES\u00a0\u00bb shape=\u00a0\u00bbsquare\u00a0\u00bb color=\u00a0\u00bbinverse\u00a0\u00bb align=\u00a0\u00bbcenter\u00a0\u00bb link=\u00a0\u00bburl:https%3A%2F%2Fwww.cocorico-porto.pt%2Ffr%2Fhotel%2Fchambres-suites%2F|title:les%20chambres||\u00a0\u00bb][\/vc_column][\/vc_row][vc_row content_placement=\u00a0\u00bbmiddle\u00a0\u00bb disable_element=\u00a0\u00bbyes\u00a0\u00bb][vc_column width=\u00a0\u00bb1\/2&Prime;][vc_single_image image=\u00a0\u00bb5670659&Prime; img_size=\u00a0\u00bbfull\u00a0\u00bb alignment=\u00a0\u00bbcenter\u00a0\u00bb][\/vc_column][vc_column width=\u00a0\u00bb1\/2&Prime;]<div class=\"norebro-heading-sc heading text-center\"\n\tid=\"norebro-custom-69f299c5b8fa8\" \n\t \n\t>\n\t\n\t\n\t\n\t<h3 class=\"title\">\n\t\tLe concept bar tapas chic\t<\/h3>\n\n\t\n\t\t\t<p class=\"subtitle\">\n\t\t\t\t\t<\/p>\n\t\t\n<\/div><div class=\"norebro-text-sc \" \n\tid=\"norebro-custom-69f299c5b90af\" \n\t \n\t>\n\n\t<p style=\"text-align: center;\">Vivez un voyage culinaire au c\u0153ur de notre concept bar tapas. Laissez vos papilles danser au rythme de d\u00e9lices exquis, le tout accompagn\u00e9 d&rsquo;une ambiance chaleureuse et d&rsquo;une s\u00e9lection de boissons raffin\u00e9es !<\/p>\n\t\n<\/div>[vc_empty_space height=\u00a0\u00bb20px\u00a0\u00bb][vc_btn title=\u00a0\u00bbBAR TAPAS\u00a0\u00bb shape=\u00a0\u00bbsquare\u00a0\u00bb color=\u00a0\u00bbinverse\u00a0\u00bb align=\u00a0\u00bbcenter\u00a0\u00bb link=\u00a0\u00bburl:https%3A%2F%2Fwww.cocorico-porto.pt%2Ffr%2Frestaurant-bar%2F|title:Bar%20tapas||\u00a0\u00bb][\/vc_column][\/vc_row][vc_row content_placement=\u00a0\u00bbmiddle\u00a0\u00bb disable_element=\u00a0\u00bbyes\u00a0\u00bb el_class=\u00a0\u00bbdesktop\u00a0\u00bb][vc_column width=\u00a0\u00bb1\/2&Prime;]<div class=\"norebro-heading-sc heading text-center\"\n\tid=\"norebro-custom-69f299c5b919a\" \n\t \n\t>\n\t\n\t\n\t\n\t<h3 class=\"title\">\n\t\tNos \u00e9v\u00e8nements typiques\t<\/h3>\n\n\t\n\t\t\t<p class=\"subtitle\">\n\t\t\t\t\t<\/p>\n\t\t\n<\/div><div class=\"norebro-text-sc \" \n\tid=\"norebro-custom-69f299c5b92a2\" \n\t \n\t>\n\n\t<p style=\"text-align: center;\">D\u00e9couvrez le fado, musique traditionnelle des madrigals portugais, concerts live dans le patio en \u00e9t\u00e9 et au &lsquo;Nouvelle vague&rsquo; sur les ailes de saison<\/p>\n\t\n<\/div>[vc_btn title=\u00a0\u00bbNOTRE PROGRAMMATION\u00a0\u00bb shape=\u00a0\u00bbsquare\u00a0\u00bb color=\u00a0\u00bbinverse\u00a0\u00bb align=\u00a0\u00bbcenter\u00a0\u00bb link=\u00a0\u00bburl:https%3A%2F%2Fwww.cocorico-porto.pt%2Ffr%2Fnotre-programmation%2F|title:Notre%20programmation||\u00a0\u00bb][\/vc_column][vc_column width=\u00a0\u00bb1\/2&Prime;][vc_single_image image=\u00a0\u00bb5670656&Prime; img_size=\u00a0\u00bbfull\u00a0\u00bb][\/vc_column][\/vc_row][vc_row content_placement=\u00a0\u00bbmiddle\u00a0\u00bb disable_element=\u00a0\u00bbyes\u00a0\u00bb el_class=\u00a0\u00bbmobile\u00a0\u00bb][vc_column width=\u00a0\u00bb1\/2&Prime;][vc_single_image image=\u00a0\u00bb5670656&Prime; img_size=\u00a0\u00bbfull\u00a0\u00bb][\/vc_column][vc_column width=\u00a0\u00bb1\/2&Prime;]<div class=\"norebro-heading-sc heading text-center\"\n\tid=\"norebro-custom-69f299c5b938f\" \n\t \n\t>\n\t\n\t\n\t\n\t<h3 class=\"title\">\n\t\tNos \u00e9v\u00e8nements typiques\t<\/h3>\n\n\t\n\t\t\t<p class=\"subtitle\">\n\t\t\t\t\t<\/p>\n\t\t\n<\/div><div class=\"norebro-text-sc \" \n\tid=\"norebro-custom-69f299c5b9493\" \n\t \n\t>\n\n\t<p style=\"text-align: center;\">D\u00e9couvrez le fado, musique traditionnelle des madrigals portugais, concerts live dans le patio en \u00e9t\u00e9 et au &lsquo;Nouvelle vague&rsquo; sur les ailes de saison<\/p>\n\t\n<\/div>[vc_btn title=\u00a0\u00bbNOTRE PROGRAMMATION\u00a0\u00bb shape=\u00a0\u00bbsquare\u00a0\u00bb color=\u00a0\u00bbinverse\u00a0\u00bb align=\u00a0\u00bbcenter\u00a0\u00bb link=\u00a0\u00bburl:https%3A%2F%2Fwww.cocorico-porto.pt%2Ffr%2Fnotre-programmation%2F|title:Notre%20programmation||\u00a0\u00bb][\/vc_column][\/vc_row][vc_row disable_element=\u00a0\u00bbyes\u00a0\u00bb][vc_column css_animation=\u00a0\u00bbslideInUp\u00a0\u00bb][vc_row_inner el_class=\u00a0\u00bbnorebro-image-hover background-image\u00a0\u00bb][vc_column_inner width=\u00a0\u00bb1\/2&Prime; css=\u00a0\u00bb.vc_custom_1554108911555{padding-right: 0px !important;}\u00a0\u00bb][vc_single_image image=\u00a0\u00bb5670345&Prime; img_size=\u00a0\u00bbfull\u00a0\u00bb onclick=\u00a0\u00bbcustom_link\u00a0\u00bb css_animation=\u00a0\u00bbfadeInLeft\u00a0\u00bb link=\u00a0\u00bbhttps:\/\/www.cocorico-porto.pt\/restaurant-bar\/vos-evenements\/\u00a0\u00bb][vc_empty_space height=\u00a0\u00bb20px\u00a0\u00bb]<div class=\"norebro-text-sc \" \n\tid=\"norebro-custom-69f299c5b9587\" \n\t \n\t>\n\n\t<p style=\"text-align: center;\"><strong>Vous souhaitez organiser un \u00e9v\u00e8nement priv\u00e9 ou professionnel \u00e0 Porto ?<\/strong><br \/>\nInstallez-vous \u00e0 notre table, profitez de nos chambres &#8230; le lieu id\u00e9al pour vous r\u00e9unir au c\u0153ur de Porto !<\/p>\n\t\n<\/div><div class=\"norebro-button-sc btn-wrap text-center\" \n\tid=\"norebro-custom-69f299c5b968a\"\n\t \n\t>\n\n\t<a href=\"https:\/\/www.cocorico-porto.pt\/restaurant-bar\/vos-evenements\/\" \n\t\tclass=\"btn \">\n\n\t\t\n\t\t<span class=\"text\">\n\t\t\tVos \u00e9v\u00e8nements\t\t<\/span>\n\n\t\t\n\t\t\t<\/a>\n\n<\/div>[\/vc_column_inner][vc_column_inner width=\u00a0\u00bb1\/2&Prime; css=\u00a0\u00bb.vc_custom_1554108916803{padding-left: 0px !important;}\u00a0\u00bb][vc_single_image image=\u00a0\u00bb5670348&Prime; img_size=\u00a0\u00bbfull\u00a0\u00bb onclick=\u00a0\u00bbcustom_link\u00a0\u00bb css_animation=\u00a0\u00bbfadeInRight\u00a0\u00bb link=\u00a0\u00bbhttps:\/\/www.cocorico-porto.pt\/notre-programmation\/\u00a0\u00bb][vc_empty_space height=\u00a0\u00bb20px\u00a0\u00bb]<div class=\"norebro-text-sc \" \n\tid=\"norebro-custom-69f299c5b97a6\" \n\t \n\t>\n\n\t<p style=\"text-align: center;\"><strong>Connaissez-vous nos \u00e9v\u00e8nements ?<\/strong><br \/>\nConcerts live, d\u00e9gustation de vins et de porto, diner sp\u00e9ciaux &#8230;<br \/>\nD\u00e9couvrez vite notre programmation !<\/p>\n\t\n<\/div><div class=\"norebro-button-sc btn-wrap text-center\" \n\tid=\"norebro-custom-69f299c5b98b6\"\n\t \n\t>\n\n\t<a href=\"https:\/\/www.cocorico-porto.pt\/notre-programmation\/\" \n\t\tclass=\"btn \">\n\n\t\t\n\t\t<span class=\"text\">\n\t\t\tNotre programmation\t\t<\/span>\n\n\t\t\n\t\t\t<\/a>\n\n<\/div>[\/vc_column_inner][\/vc_row_inner][vc_empty_space height=\u00a0\u00bb40px\u00a0\u00bb][\/vc_column][\/vc_row][vc_row content_placement=\u00a0\u00bbmiddle\u00a0\u00bb disable_element=\u00a0\u00bbyes\u00a0\u00bb][vc_column width=\u00a0\u00bb1\/2&Prime;][vc_single_image image=\u00a0\u00bb5670662&Prime; img_size=\u00a0\u00bbfull\u00a0\u00bb][\/vc_column][vc_column width=\u00a0\u00bb1\/2&Prime;]<div class=\"norebro-heading-sc heading text-center\"\n\tid=\"norebro-custom-69f299c5b99c6\" \n\t \n\t>\n\t\n\t\n\t\n\t<h3 class=\"title\">\n\t\tPorto destination empreinte de douceur de vivre\t<\/h3>\n\n\t\n\t\t\t<p class=\"subtitle\">\n\t\t\t\t\t<\/p>\n\t\t\n<\/div><div class=\"norebro-text-sc \" \n\tid=\"norebro-custom-69f299c5b9ade\" \n\t \n\t>\n\n\t<p style=\"text-align: center;\">Les amateurs de soleil et de soir\u00e9es douces auront plaisir \u00e0 vivre un s\u00e9jour inoubliable \u00e0 2 pas du Douro. Une exp\u00e9rience d\u00e9paysante qui fera voyager vos proches\u00a0!<\/p>\n\t\n<\/div>[vc_empty_space height=\u00a0\u00bb20px\u00a0\u00bb][vc_btn title=\u00a0\u00bbCOFFRETS CADEAUX\u00a0\u00bb shape=\u00a0\u00bbsquare\u00a0\u00bb color=\u00a0\u00bbinverse\u00a0\u00bb align=\u00a0\u00bbcenter\u00a0\u00bb link=\u00a0\u00bburl:https%3A%2F%2Fwww.cocorico-porto.pt%2Ffr%2Fcoffrets-cadeaux%2F|title:les%20coffrets%20cadeaux||\u00a0\u00bb][\/vc_column][\/vc_row][vc_row content_placement=\u00a0\u00bbmiddle\u00a0\u00bb disable_element=\u00a0\u00bbyes\u00a0\u00bb el_class=\u00a0\u00bbdesktop\u00a0\u00bb][vc_column width=\u00a0\u00bb1\/2&Prime;]<div class=\"norebro-heading-sc heading text-center\"\n\tid=\"norebro-custom-69f299c5b9bc7\" \n\t \n\t>\n\t\n\t\n\t\n\t<h3 class=\"title\">\n\t\tServices et soins\t<\/h3>\n\n\t\n\t\t\n<\/div>[vc_empty_space height=\u00a0\u00bb20px\u00a0\u00bb]<div class=\"norebro-text-sc \" \n\tid=\"norebro-custom-69f299c5b9cca\" \n\t \n\t>\n\n\t<p style=\"text-align: center;\">\u00c0 votre demande, un salon de massage et sa praticienne seront \u00e0 votre disposition pour un moment de d\u00e9tente incomparable.<\/p>\n\t\n<\/div>[vc_empty_space height=\u00a0\u00bb20px\u00a0\u00bb][vc_btn title=\u00a0\u00bbCOFFRETS CADEAUX\u00a0\u00bb shape=\u00a0\u00bbsquare\u00a0\u00bb color=\u00a0\u00bbinverse\u00a0\u00bb align=\u00a0\u00bbcenter\u00a0\u00bb link=\u00a0\u00bburl:https%3A%2F%2Fwww.cocorico-porto.pt%2Ffr%2Fcoffrets-cadeaux%2F|title:les%20coffrets%20cadeaux||\u00a0\u00bb][\/vc_column][vc_column width=\u00a0\u00bb1\/2&Prime;][vc_single_image image=\u00a0\u00bb5670665&Prime; img_size=\u00a0\u00bbfull\u00a0\u00bb onclick=\u00a0\u00bbcustom_link\u00a0\u00bb css_animation=\u00a0\u00bbfadeInLeft\u00a0\u00bb link=\u00a0\u00bbhttps:\/\/www.cocorico-porto.pt\/coffrets-cadeaux\/\u00a0\u00bb][\/vc_column][\/vc_row][vc_row content_placement=\u00a0\u00bbmiddle\u00a0\u00bb disable_element=\u00a0\u00bbyes\u00a0\u00bb el_class=\u00a0\u00bbmobile\u00a0\u00bb][vc_column width=\u00a0\u00bb1\/2&Prime;][vc_single_image image=\u00a0\u00bb5670665&Prime; img_size=\u00a0\u00bbfull\u00a0\u00bb onclick=\u00a0\u00bbcustom_link\u00a0\u00bb css_animation=\u00a0\u00bbfadeInLeft\u00a0\u00bb link=\u00a0\u00bbhttps:\/\/www.cocorico-porto.pt\/coffrets-cadeaux\/\u00a0\u00bb][\/vc_column][vc_column width=\u00a0\u00bb1\/2&Prime;]<div class=\"norebro-heading-sc heading text-center\"\n\tid=\"norebro-custom-69f299c5b9db2\" \n\t \n\t>\n\t\n\t\n\t\n\t<h3 class=\"title\">\n\t\tServices et soins\t<\/h3>\n\n\t\n\t\t\n<\/div>[vc_empty_space height=\u00a0\u00bb20px\u00a0\u00bb]<div class=\"norebro-text-sc \" \n\tid=\"norebro-custom-69f299c5b9eb4\" \n\t \n\t>\n\n\t<p style=\"text-align: center;\">\u00c0 votre demande, un salon de massage et sa praticienne seront \u00e0 votre disposition pour un moment de d\u00e9tente incomparable.<\/p>\n\t\n<\/div>[vc_empty_space height=\u00a0\u00bb20px\u00a0\u00bb][vc_btn title=\u00a0\u00bbCOFFRETS CADEAUX\u00a0\u00bb shape=\u00a0\u00bbsquare\u00a0\u00bb color=\u00a0\u00bbinverse\u00a0\u00bb align=\u00a0\u00bbcenter\u00a0\u00bb link=\u00a0\u00bburl:https%3A%2F%2Fwww.cocorico-porto.pt%2Ffr%2Fcoffrets-cadeaux%2F|title:les%20coffrets%20cadeaux||\u00a0\u00bb][\/vc_column][\/vc_row][vc_row disable_element=\u00a0\u00bbyes\u00a0\u00bb][vc_column][vc_empty_space height=\u00a0\u00bb80px\u00a0\u00bb][vc_single_image image=\u00a0\u00bb5670668&Prime; img_size=\u00a0\u00bbfull\u00a0\u00bb onclick=\u00a0\u00bbcustom_link\u00a0\u00bb css_animation=\u00a0\u00bbfadeInRight\u00a0\u00bb link=\u00a0\u00bbhttps:\/\/www.cocorico-porto.pt\/hotel\/offres-packages\/\u00a0\u00bb][vc_empty_space height=\u00a0\u00bb20px\u00a0\u00bb]<div class=\"norebro-heading-sc heading text-center\"\n\tid=\"norebro-custom-69f299c5b9fa4\" \n\t \n\t>\n\t\n\t\n\t\n\t<h3 class=\"title\">\n\t\tVous souhaitez parcourir<br> Porto tout en s\u00e9journant \u00e0 Cocorico ?\t<\/h3>\n\n\t\n\t\t\t<p class=\"subtitle\">\n\t\t\t\t\t<\/p>\n\t\t\n<\/div><div class=\"norebro-text-sc \" \n\tid=\"norebro-custom-69f299c5ba0b9\" \n\t \n\t>\n\n\t<p style=\"text-align: center;\">D\u00e9couvrez nos offres &amp; packages, d\u00e9clin\u00e9s autour de nos valeurs \u00e9picuriennes et craquez pour un s\u00e9jour dans notre maison, au c\u0153ur de la ville !<br \/>\nUn pur moment de bonheur !<\/p>\n\t\n<\/div>[vc_btn title=\u00a0\u00bbOFFRES ET PACKAGES\u00a0\u00bb shape=\u00a0\u00bbsquare\u00a0\u00bb color=\u00a0\u00bbinverse\u00a0\u00bb align=\u00a0\u00bbcenter\u00a0\u00bb link=\u00a0\u00bburl:https%3A%2F%2Fwww.cocorico-porto.pt%2Ffr%2Fhotel%2Foffres-packages%2F|title:Offres%20et%20Packages||\u00a0\u00bb][vc_empty_space height=\u00a0\u00bb20px\u00a0\u00bb][\/vc_column][\/vc_row][vc_row disable_element=\u00a0\u00bbyes\u00a0\u00bb][vc_column width=\u00a0\u00bb1\/2&Prime;][vc_single_image image=\u00a0\u00bb5670351&Prime; img_size=\u00a0\u00bbfull\u00a0\u00bb onclick=\u00a0\u00bbcustom_link\u00a0\u00bb css_animation=\u00a0\u00bbfadeInRight\u00a0\u00bb link=\u00a0\u00bbhttps:\/\/www.cocorico-porto.pt\/hotel\/offres-packages\/\u00a0\u00bb][vc_single_image][\/vc_column][vc_column width=\u00a0\u00bb1\/2&Prime;][vc_empty_space height=\u00a0\u00bb20px\u00a0\u00bb]<div class=\"norebro-heading-sc heading text-center\"\n\tid=\"norebro-custom-69f299c5ba1a4\" \n\t \n\t>\n\t\n\t\n\t\n\t<h3 class=\"title\">\n\t\tVous souhaitez parcourir Porto tout en s\u00e9journant \u00e0 Cocorico ?\t<\/h3>\n\n\t\n\t\t\t<p class=\"subtitle\">\n\t\t\t\t\t<\/p>\n\t\t\n<\/div><div class=\"norebro-text-sc \" \n\tid=\"norebro-custom-69f299c5ba2af\" \n\t \n\t>\n\n\t<p style=\"text-align: center;\">D\u00e9couvrez nos offres &amp; packages, d\u00e9clin\u00e9s autour de nos valeurs \u00e9picuriennes et craquez pour un s\u00e9jour dans notre maison, au c\u0153ur de la ville !<br \/>\nUn pur moment de bonheur !<\/p>\n\t\n<\/div>[vc_btn title=\u00a0\u00bbOFFRES ET PACKAGES\u00a0\u00bb shape=\u00a0\u00bbsquare\u00a0\u00bb color=\u00a0\u00bbinverse\u00a0\u00bb align=\u00a0\u00bbcenter\u00a0\u00bb link=\u00a0\u00bburl:https%3A%2F%2Fwww.cocorico-porto.pt%2Ffr%2Fhotel%2Foffres-packages%2F|title:Offres%20et%20Packages||\u00a0\u00bb][vc_empty_space height=\u00a0\u00bb20px\u00a0\u00bb][\/vc_column][\/vc_row][vc_row disable_element=\u00a0\u00bbyes\u00a0\u00bb][vc_column css_animation=\u00a0\u00bbslideInUp\u00a0\u00bb][vc_row_inner el_class=\u00a0\u00bbnorebro-image-hover background-image\u00a0\u00bb][vc_column_inner width=\u00a0\u00bb1\/2&Prime; css=\u00a0\u00bb.vc_custom_1554108911555{padding-right: 0px !important;}\u00a0\u00bb][vc_single_image image=\u00a0\u00bb5670345&Prime; img_size=\u00a0\u00bbfull\u00a0\u00bb onclick=\u00a0\u00bbcustom_link\u00a0\u00bb css_animation=\u00a0\u00bbfadeInLeft\u00a0\u00bb link=\u00a0\u00bbhttps:\/\/www.cocorico-porto.pt\/coffrets-cadeaux\/\u00a0\u00bb][vc_empty_space height=\u00a0\u00bb20px\u00a0\u00bb]<div class=\"norebro-text-sc \" \n\tid=\"norebro-custom-69f299c5ba3a5\" \n\t \n\t>\n\n\t<p style=\"text-align: center;\"><strong>Porto et ses alentours, destination r\u00eav\u00e9e des amateurs de soleil et d&rsquo;histoire, s\u2019offre sous l\u2019\u00e9tiquette Mill\u00e9sime.<br \/>\n<\/strong>Au c\u0153ur de Porto, offrez un s\u00e9jour inoubliable \u00e0 deux pas du Douro \u2026<br \/>\nUne exp\u00e9rience d\u00e9paysante qui fera voyager vos proches\u00a0!<\/p>\n\t\n<\/div><div class=\"norebro-button-sc btn-wrap text-center\" \n\tid=\"norebro-custom-69f299c5ba4a2\"\n\t \n\t>\n\n\t<a href=\"https:\/\/www.cocorico-porto.pt\/coffrets-cadeaux\/\" \n\t\tclass=\"btn \">\n\n\t\t\n\t\t<span class=\"text\">\n\t\t\tLes Coffrets Cadeaux\t\t<\/span>\n\n\t\t\n\t\t\t<\/a>\n\n<\/div>[\/vc_column_inner][vc_column_inner width=\u00a0\u00bb1\/2&Prime; css=\u00a0\u00bb.vc_custom_1554108916803{padding-left: 0px !important;}\u00a0\u00bb][vc_single_image image=\u00a0\u00bb5670351&Prime; img_size=\u00a0\u00bbfull\u00a0\u00bb onclick=\u00a0\u00bbcustom_link\u00a0\u00bb css_animation=\u00a0\u00bbfadeInRight\u00a0\u00bb link=\u00a0\u00bbhttps:\/\/www.cocorico-porto.pt\/hotel\/offres-packages\/\u00a0\u00bb][vc_empty_space height=\u00a0\u00bb20px\u00a0\u00bb]<div class=\"norebro-text-sc \" \n\tid=\"norebro-custom-69f299c5ba5be\" \n\t \n\t>\n\n\t<p style=\"text-align: center;\"><strong>Vous souhaitez parcourir Porto tout en s\u00e9journant \u00e0 Cocorico ?<\/strong><br \/>\nD\u00e9couvrez nos offres &amp; packages, d\u00e9clin\u00e9s autour de nos valeurs \u00e9picuriennes et craquez pour un s\u00e9jour dans notre maison, au c\u0153ur de la ville !<br \/>\nUn pur moment de bonheur !<\/p>\n\t\n<\/div><div class=\"norebro-button-sc btn-wrap text-center\" \n\tid=\"norebro-custom-69f299c5ba6c1\"\n\t \n\t>\n\n\t<a href=\"https:\/\/www.cocorico-porto.pt\/hotel\/offres-packages\/\" \n\t\tclass=\"btn \">\n\n\t\t\n\t\t<span class=\"text\">\n\t\t\tLes Offres & Packages\t\t<\/span>\n\n\t\t\n\t\t\t<\/a>\n\n<\/div>[\/vc_column_inner][\/vc_row_inner][vc_empty_space height=\u00a0\u00bb40px\u00a0\u00bb][\/vc_column][\/vc_row][vc_row][vc_column][vc_raw_html]JTNDZGl2JTIwaWQlM0QlMjJteU1vZGFsJTIyJTIwc3R5bGUlM0QlMjJ6LWluZGV4JTNBJTIwMTAwMDAlM0IlMjBkaXNwbGF5JTNBJTIwbm9uZSUzQiUyMHBvc2l0aW9uJTNBJTIwZml4ZWQlM0IlMjB0b3AlM0ElMjAwJTNCJTIwbGVmdCUzQSUyMDAlM0IlMjB3aWR0aCUzQSUyMDEwMCUyNSUzQiUyMGhlaWdodCUzQSUyMDEwMCUyNSUzQiUyMGJhY2tncm91bmQtY29sb3IlM0ElMjByZ2JhJTI4MCUyQzAlMkMwJTJDMC41JTI5JTNCJTIwanVzdGlmeS1jb250ZW50JTNBJTIwY2VudGVyJTNCJTIwYWxpZ24taXRlbXMlM0ElMjBjZW50ZXIlM0IlMjIlM0UlMEElMjAlMjAlM0NkaXYlMjBzdHlsZSUzRCUyMmJhY2tncm91bmQtY29sb3IlM0ElMjAlMjNmZmYlM0IlMjBwYWRkaW5nJTNBJTIwMjBweCUzQiUyMGJvcmRlci1yYWRpdXMlM0ElMjA1cHglM0IlMjIlM0UlMEElMjAlMjAlMjAlMjAlM0NkaXYlMjBjbGFzcyUzRCUyMnZjX2J0bjMtY29udGFpbmVyJTIwdmNfYnRuMy1jZW50ZXIlMjIlM0UlMEElMjAlMjAlMjAlMjAlMjAlMjAlM0NhJTIwY2xhc3MlM0QlMjJ2Y19nZW5lcmFsJTIwdmNfYnRuMyUyMHZjX2J0bjMtc2l6ZS1tZCUyMHZjX2J0bjMtc2hhcGUtc3F1YXJlJTIwdmNfYnRuMy1zdHlsZS1tb2Rlcm4lMjB2Y19idG4zLWJsb2NrJTIwdmNfYnRuMy1jb2xvci1pbnZlcnNlJTIyJTIwaHJlZiUzRCUyMmh0dHBzJTNBJTJGJTJGd3d3LnNlY3VyZS1ob3RlbC1ib29raW5nLmNvbSUyRkhvdGVsLUNvY29yaWNvJTJGMlFNVCUyRmZyLUZSJTJGJTNGX2dhJTNEMi45OTk0Njc4Mi4xNDU4MjIxNTQ5LjE3MDQ3MDY4MDAtNTk0NTgxMDY2LjE2ODI2MDEzMjElMjZhbXAlM0JfZ2FjJTNEMS4xNTU0NTc5Ni4xNzA0ODgyOTAwLkNqMEtDUWlBbmZtc0JoRGZBUklzQU03TUtpM0xMUzBsWjV5MXZWdDdnU3ZGRUVaZDkxc3lJSTc4Ym1ZekJvRnlNMGFDWDdaNjF6MS1WUndhQW9PcEVBTHdfd2NCJTIyJTIwdGFyZ2V0JTNEJTIyJUUyJTgwJTlEX2JsYW5rJUUyJTgwJTlEJTIyJTIwdGl0bGUlM0QlMjJicmluZG9zJTIyJTIwcmVsJTNEJTIybm9vcGVuZXIlMjIlM0VSRVNFUlZFUiUyMFVOJTIwU0VKT1VSJTBBJTIwJTIwJTIwJTIwJTIwJTIwJTNDJTJGYSUzRSUwQSUyMCUyMCUyMCUyMCUzQyUyRmRpdiUzRSUwQSUyMCUyMCUyMCUyMCUzQ2RpdiUyMGNsYXNzJTNEJTIydmNfYnRuMy1jb250YWluZXIlMjB2Y19idG4zLWNlbnRlciUyMiUzRSUwQSUyMCUyMCUyMCUyMCUyMCUyMCUzQ2ElMjBjbGFzcyUzRCUyMnZjX2dlbmVyYWwlMjB2Y19idG4zJTIwdmNfYnRuMy1zaXplLW1kJTIwdmNfYnRuMy1zaGFwZS1zcXVhcmUlMjB2Y19idG4zLXN0eWxlLW1vZGVybiUyMHZjX2J0bjMtYmxvY2slMjB2Y19idG4zLWNvbG9yLWludmVyc2UlMjIlMjBocmVmJTNEJTIyaHR0cHMlM0ElMkYlMkZib29raW5ncy56ZW5jaGVmLmNvbSUyRnJlc3VsdHMlM0ZyaWQlM0QzNjAzMjMlMjZhbXAlM0JmdWxsc2NyZWVuJTNEMSUyNmFtcCUzQmxhbmclM0RmciUyMiUyMHRhcmdldCUzRCUyMiVFMiU4MCU5RF9ibGFuayVFMiU4MCU5RCUyMiUyMHRpdGxlJTNEJTIyTGUlMjByZXN0YXVyYW50JTIyJTIwcmVsJTNEJTIybm9vcGVuZXIlMjIlM0UlMjBSRVNFUlZFUiUyMEFVJTIwUkVTVEFVUkFOVCUzQyUyRmElM0UlMEElMjAlMjAlMjAlMjAlM0MlMkZkaXYlM0UlMEElMjAlMjAlMjAlMjAlM0NidXR0b24lMjBpZCUzRCUyMmNsb3NlTW9kYWwlMjIlMjBvbmNsaWNrJTNEJTIyZG9jdW1lbnQuZ2V0RWxlbWVudEJ5SWQlMjglMjdteU1vZGFsJTI3JTI5LnN0eWxlLmRpc3BsYXklMjAlM0QlMjAlMjdub25lJTI3JTNCJTIyJTNFRmVybWVyJTNDJTJGYnV0dG9uJTNFJTBBJTIwJTIwJTNDJTJGZGl2JTNFJTBBJTNDJTJGZGl2JTNFJTBBJTBBJTNDc2NyaXB0JTNFJTBBJTIwJTIwZnVuY3Rpb24lMjBvcGVuTW9kYWwlMjhldmVudCUyOSUyMCU3QiUwQSUyMCUyMCUyMCUyMCUyRiUyRiUyMEVtcCVDMyVBQWNoZXIlMjBsZSUyMGxpZW4lMjBkZSUyMHJlZGlyaWdlciUyMHZlcnMlMjB1bmUlMjBhdXRyZSUyMHBhZ2UlMEElMjAlMjAlMjAlMjBldmVudC5wcmV2ZW50RGVmYXVsdCUyOCUyOSUzQiUwQSUyMCUyMCUyMCUyMCUyRiUyRiUyME91dnJpciUyMGxhJTIwbW9kYWxlJTBBJTIwJTIwJTIwJTIwZG9jdW1lbnQuZ2V0RWxlbWVudEJ5SWQlMjglMjdteU1vZGFsJTI3JTI5LnN0eWxlLmRpc3BsYXklMjAlM0QlMjAlMjdmbGV4JTI3JTNCJTBBJTIwJTIwJTdEJTBBJTIwJTIwJTJGJTJGJTIwQXBwZWxlciUyMGxhJTIwZm9uY3Rpb24lMjBwb3VyJTIwb3V2cmlyJTIwbGElMjBtb2RhbGUlMjBsb3JzcXUlMjdvbiUyMGNsaXF1ZSUyMHN1ciUyMGxlJTIwcHJlbWllciUyMCVDMyVBOWwlQzMlQTltZW50JTIwZGUlMjBjbGFzc2UlMjBidG4tbWlsbGVzaW1lJTBBJTIwJTIwZG9jdW1lbnQucXVlcnlTZWxlY3RvciUyOCUyNy5idG4tbWlsbGVzaW1lJTI3JTI5LmFkZEV2ZW50TGlzdGVuZXIlMjglMjdjbGljayUyNyUyQyUyMG9wZW5Nb2RhbCUyOSUzQiUwQSUzQyUyRnNjcmlwdCUzRSUwQQ==[\/vc_raw_html][\/vc_column][\/vc_row]\n","protected":false},"excerpt":{"rendered":"<p>[vc_row full_width=\u00a0\u00bbstretch_row_content_no_spaces\u00a0\u00bb disable_element=\u00a0\u00bbyes\u00a0\u00bb][vc_column][rev_slider_vc alias=\u00a0\u00bbhome\u00a0\u00bb][\/vc_column][\/vc_row][vc_row full_width=\u00a0\u00bbstretch_row_content_no_spaces\u00a0\u00bb full_height=\u00a0\u00bbyes\u00a0\u00bb parallax=\u00a0\u00bbcontent-moving\u00a0\u00bb parallax_image=\u00a0\u00bb5670739&Prime; parallax_speed_bg=\u00a0\u00bb1&Prime; css=\u00a0\u00bb.vc_custom_1704707585592{margin-top: -80px !important;}\u00a0\u00bb][vc_column][vc_raw_html]JTNDaW1nJTIwc3JjJTNEJTIyaHR0cHMlM0ElMkYlMkZzMy1ldS1jZW50cmFsLTEuYW1hem9uYXdzLmNvbSUyRmJvd28tbWVkaWElMkZwd2FfY2FyZCUyRmY3NTU4YjJmLTEyZWEtNDc3Zi1hOWJmLTA4YzExMjkzMmY1OC5naWYlMjIlMjBzdHlsZSUzRCUyMmRpc3BsYXklM0ElMjBibG9jayUzQiUyMG1hcmdpbi1sZWZ0JTNBJTIwYXV0byUzQiUyMG1hcmdpbi1yaWdodCUzQSUyMGF1dG8lM0IlMjB3aWR0aCUzQTEwMHB4JTNCJTIyJTIwb25jbGljayUzRCUyMnNtb290aFNjcm9sbCUyOCUyNyUyM2hvbWUtY29udGVudCUyNyUyOSUyMiUzRQ==[\/vc_raw_html][\/vc_column][\/vc_row][vc_row full_width=\u00a0\u00bbstretch_row\u00a0\u00bb gap=\u00a0\u00bb20&Prime; full_height=\u00a0\u00bbyes\u00a0\u00bb el_id=\u00a0\u00bbhome-content\u00a0\u00bb][vc_column][vc_row_inner][vc_column_inner][vc_empty_space height=\u00a0\u00bb20px\u00a0\u00bb][vc_empty_space height=\u00a0\u00bb20px\u00a0\u00bb][vc_empty_space height=\u00a0\u00bb20px\u00a0\u00bb][\/vc_column_inner][\/vc_row_inner][\/vc_column][\/vc_row][vc_row css=\u00a0\u00bb.vc_custom_1704884915308{background-color: rgba(14,20,0,0.02) !important;*background-color: rgb(14,20,0) !important;}\u00a0\u00bb][vc_column][vc_row_inner][vc_column_inner][\/vc_column_inner][\/vc_row_inner][\/vc_column][\/vc_row][vc_row][vc_column][vc_row_inner][vc_column_inner][vc_empty_space height=\u00a0\u00bb20px\u00a0\u00bb][\/vc_column_inner][\/vc_row_inner][\/vc_column][\/vc_row][vc_row][vc_column][vc_empty_space height=\u00a0\u00bb20px\u00a0\u00bb][\/vc_column][\/vc_row][vc_row][vc_column][\/vc_column][\/vc_row][vc_row][vc_column][vc_raw_js]JTNDc2NyaXB0JTNFJTIwJTIwJTIwJTIwJTIwJTIwJTIwJTIwJTIwJTBBJTIwJTIwJTIwJTIwJTIwJTIwJTIwJTIwZnVuY3Rpb24lMjBzbW9vdGhTY3JvbGwlMjh0YXJnZXQlMjklMjAlN0IlMEElMjAlMjAlMjAlMjAlMjAlMjAlMjAlMjAlMjAlMjAlMjAlMjB2YXIlMjBlbGVtZW50JTIwJTNEJTIwZG9jdW1lbnQucXVlcnlTZWxlY3RvciUyOHRhcmdldCUyOSUzQiUwQSUyMCUyMCUyMCUyMCUyMCUyMCUyMCUyMCUyMCUyMCUyMCUyMHdpbmRvdy5zY3JvbGxUbyUyOCU3QiUwQSUyMCUyMCUyMCUyMCUyMCUyMCUyMCUyMCUyMCUyMCUyMCUyMCUyMCUyMCUyMCUyMGJlaGF2aW9yJTNBJTIwJTI3c21vb3RoJTI3JTJDJTBBJTIwJTIwJTIwJTIwJTIwJTIwJTIwJTIwJTIwJTIwJTIwJTIwJTIwJTIwJTIwJTIwdG9wJTNBJTIwZWxlbWVudC5vZmZzZXRUb3AlMEElMjAlMjAlMjAlMjAlMjAlMjAlMjAlMjAlMjAlMjAlMjAlMjAlN0QlMjklM0IlMEElMjAlMjAlMjAlMjAlMjAlMjAlMjAlMjAlN0QlMEElM0MlMkZzY3JpcHQlM0U=[\/vc_raw_js][\/vc_column][\/vc_row][vc_row disable_element=\u00a0\u00bbyes\u00a0\u00bb][vc_column][vc_empty_space height=\u00a0\u00bb40px\u00a0\u00bb][\/vc_column][\/vc_row][vc_row css_animation=\u00a0\u00bbfadeInUp\u00a0\u00bb disable_element=\u00a0\u00bbyes\u00a0\u00bb][vc_column el_class=\u00a0\u00bbdivider-large\u00a0\u00bb][vc_empty_space height=\u00a0\u00bb20px\u00a0\u00bb][vc_btn title=\u00a0\u00bbCARNET DE VOYAGE\u00a0\u00bb shape=\u00a0\u00bbsquare\u00a0\u00bb color=\u00a0\u00bbinverse\u00a0\u00bb align=\u00a0\u00bbcenter\u00a0\u00bb link=\u00a0\u00bburl:https%3A%2F%2Fwww.flipsnack.com%2Fmagazinemillesime%2Fcarnet_de-voyage_millesime%2Ffull-view.html|title:carnet%20de%20voyage||\u00a0\u00bb][vc_empty_space height=\u00a0\u00bb60px\u00a0\u00bb][\/vc_column][\/vc_row][vc_row disable_element=\u00a0\u00bbyes\u00a0\u00bb][vc_column css_animation=\u00a0\u00bbslideInUp\u00a0\u00bb][vc_row_inner el_class=\u00a0\u00bbnorebro-image-hover background-image\u00a0\u00bb][vc_column_inner width=\u00a0\u00bb1\/2&Prime; css=\u00a0\u00bb.vc_custom_1554108911555{padding-right: 0px !important;}\u00a0\u00bb][vc_single_image image=\u00a0\u00bb5670339&Prime; img_size=\u00a0\u00bbfull\u00a0\u00bb onclick=\u00a0\u00bbcustom_link\u00a0\u00bb css_animation=\u00a0\u00bbfadeInLeft\u00a0\u00bb link=\u00a0\u00bbhttps:\/\/www.cocorico-porto.pt\/hotel\/\u00a0\u00bb][vc_empty_space height=\u00a0\u00bb20px\u00a0\u00bb][\/vc_column_inner][vc_column_inner width=\u00a0\u00bb1\/2&Prime; [&hellip;]<\/p>\n","protected":false},"author":1,"featured_media":0,"parent":0,"menu_order":0,"comment_status":"closed","ping_status":"closed","template":"","meta":{"inline_featured_image":false},"acf":[],"yoast_head":"<!-- This site is optimized with the Yoast SEO plugin v19.13 - https:\/\/yoast.com\/wordpress\/plugins\/seo\/ -->\n<title>Cocorico - Luxury GuestHouse et Restaurant \u00e0 Porto - Portugal<\/title>\n<meta name=\"description\" content=\"Cocorico, au coeur du centre historique de Porto, vous accueille dans ses 10 suites \u00e9l\u00e9gantes et son restaurant \u00e0 la cuisine Fran\u00e7aise et aux vins Portugais\" \/>\n<meta name=\"robots\" content=\"index, follow, max-snippet:-1, max-image-preview:large, max-video-preview:-1\" \/>\n<link rel=\"canonical\" href=\"https:\/\/www.cocoricoporto.com\/fr\/\" \/>\n<meta property=\"og:locale\" content=\"fr_FR\" \/>\n<meta property=\"og:type\" content=\"article\" \/>\n<meta property=\"og:title\" content=\"Cocorico - Luxury GuestHouse et Restaurant \u00e0 Porto - Portugal\" \/>\n<meta property=\"og:description\" content=\"Cocorico, au coeur du centre historique de Porto, vous accueille dans ses 10 suites \u00e9l\u00e9gantes et son restaurant \u00e0 la cuisine Fran\u00e7aise et aux vins Portugais\" \/>\n<meta property=\"og:url\" content=\"https:\/\/www.cocoricoporto.com\/fr\/\" \/>\n<meta property=\"og:site_name\" content=\"Cocorico - H\u00f4tel &amp; Restaurant \u00e0 Porto au Portugal\" \/>\n<meta property=\"article:publisher\" content=\"https:\/\/www.facebook.com\/DomainedeRabaTalence\/\" \/>\n<meta property=\"article:modified_time\" content=\"2026-03-09T22:20:08+00:00\" \/>\n<meta name=\"twitter:card\" content=\"summary_large_image\" \/>\n<meta name=\"twitter:label1\" content=\"Dur\u00e9e de lecture estim\u00e9e\" \/>\n\t<meta name=\"twitter:data1\" content=\"12 minutes\" \/>\n<script type=\"application\/ld+json\" class=\"yoast-schema-graph\">{\"@context\":\"https:\/\/schema.org\",\"@graph\":[{\"@type\":\"WebPage\",\"@id\":\"https:\/\/www.cocoricoporto.com\/fr\/\",\"url\":\"https:\/\/www.cocoricoporto.com\/fr\/\",\"name\":\"Cocorico - Luxury GuestHouse et Restaurant \u00e0 Porto - Portugal\",\"isPartOf\":{\"@id\":\"https:\/\/www.cocoricoporto.com\/fr\/#website\"},\"datePublished\":\"2017-08-25T14:55:14+00:00\",\"dateModified\":\"2026-03-09T22:20:08+00:00\",\"description\":\"Cocorico, au coeur du centre historique de Porto, vous accueille dans ses 10 suites \u00e9l\u00e9gantes et son restaurant \u00e0 la cuisine Fran\u00e7aise et aux vins Portugais\",\"breadcrumb\":{\"@id\":\"https:\/\/www.cocoricoporto.com\/fr\/#breadcrumb\"},\"inLanguage\":\"fr-FR\",\"potentialAction\":[{\"@type\":\"ReadAction\",\"target\":[\"https:\/\/www.cocoricoporto.com\/fr\/\"]}]},{\"@type\":\"BreadcrumbList\",\"@id\":\"https:\/\/www.cocoricoporto.com\/fr\/#breadcrumb\",\"itemListElement\":[{\"@type\":\"ListItem\",\"position\":1,\"name\":\"Accueil\",\"item\":\"https:\/\/www.cocoricoporto.com\/fr\/\"},{\"@type\":\"ListItem\",\"position\":2,\"name\":\"Accueil\"}]},{\"@type\":\"WebSite\",\"@id\":\"https:\/\/www.cocoricoporto.com\/fr\/#website\",\"url\":\"https:\/\/www.cocoricoporto.com\/fr\/\",\"name\":\"Cocorico - H\u00f4tel &amp; Restaurant \u00e0 Porto au Portugal\",\"description\":\"\",\"publisher\":{\"@id\":\"https:\/\/www.cocoricoporto.com\/fr\/#organization\"},\"potentialAction\":[{\"@type\":\"SearchAction\",\"target\":{\"@type\":\"EntryPoint\",\"urlTemplate\":\"https:\/\/www.cocoricoporto.com\/fr\/?s={search_term_string}\"},\"query-input\":\"required name=search_term_string\"}],\"inLanguage\":\"fr-FR\"},{\"@type\":\"Organization\",\"@id\":\"https:\/\/www.cocoricoporto.com\/fr\/#organization\",\"name\":\"Cocorico\",\"url\":\"https:\/\/www.cocoricoporto.com\/fr\/\",\"logo\":{\"@type\":\"ImageObject\",\"inLanguage\":\"fr-FR\",\"@id\":\"https:\/\/www.cocoricoporto.com\/fr\/#\/schema\/logo\/image\/\",\"url\":\"\",\"contentUrl\":\"\",\"caption\":\"Cocorico\"},\"image\":{\"@id\":\"https:\/\/www.cocoricoporto.com\/fr\/#\/schema\/logo\/image\/\"},\"sameAs\":[\"https:\/\/www.instagram.com\/domaine_de_raba\/\",\"https:\/\/www.facebook.com\/DomainedeRabaTalence\/\"]}]}<\/script>\n<!-- \/ Yoast SEO plugin. -->","yoast_head_json":{"title":"Cocorico - Luxury GuestHouse et Restaurant \u00e0 Porto - Portugal","description":"Cocorico, au coeur du centre historique de Porto, vous accueille dans ses 10 suites \u00e9l\u00e9gantes et son restaurant \u00e0 la cuisine Fran\u00e7aise et aux vins Portugais","robots":{"index":"index","follow":"follow","max-snippet":"max-snippet:-1","max-image-preview":"max-image-preview:large","max-video-preview":"max-video-preview:-1"},"canonical":"https:\/\/www.cocoricoporto.com\/fr\/","og_locale":"fr_FR","og_type":"article","og_title":"Cocorico - Luxury GuestHouse et Restaurant \u00e0 Porto - Portugal","og_description":"Cocorico, au coeur du centre historique de Porto, vous accueille dans ses 10 suites \u00e9l\u00e9gantes et son restaurant \u00e0 la cuisine Fran\u00e7aise et aux vins Portugais","og_url":"https:\/\/www.cocoricoporto.com\/fr\/","og_site_name":"Cocorico - H\u00f4tel &amp; Restaurant \u00e0 Porto au Portugal","article_publisher":"https:\/\/www.facebook.com\/DomainedeRabaTalence\/","article_modified_time":"2026-03-09T22:20:08+00:00","twitter_card":"summary_large_image","twitter_misc":{"Dur\u00e9e de lecture estim\u00e9e":"12 minutes"},"schema":{"@context":"https:\/\/schema.org","@graph":[{"@type":"WebPage","@id":"https:\/\/www.cocoricoporto.com\/fr\/","url":"https:\/\/www.cocoricoporto.com\/fr\/","name":"Cocorico - Luxury GuestHouse et Restaurant \u00e0 Porto - Portugal","isPartOf":{"@id":"https:\/\/www.cocoricoporto.com\/fr\/#website"},"datePublished":"2017-08-25T14:55:14+00:00","dateModified":"2026-03-09T22:20:08+00:00","description":"Cocorico, au coeur du centre historique de Porto, vous accueille dans ses 10 suites \u00e9l\u00e9gantes et son restaurant \u00e0 la cuisine Fran\u00e7aise et aux vins Portugais","breadcrumb":{"@id":"https:\/\/www.cocoricoporto.com\/fr\/#breadcrumb"},"inLanguage":"fr-FR","potentialAction":[{"@type":"ReadAction","target":["https:\/\/www.cocoricoporto.com\/fr\/"]}]},{"@type":"BreadcrumbList","@id":"https:\/\/www.cocoricoporto.com\/fr\/#breadcrumb","itemListElement":[{"@type":"ListItem","position":1,"name":"Accueil","item":"https:\/\/www.cocoricoporto.com\/fr\/"},{"@type":"ListItem","position":2,"name":"Accueil"}]},{"@type":"WebSite","@id":"https:\/\/www.cocoricoporto.com\/fr\/#website","url":"https:\/\/www.cocoricoporto.com\/fr\/","name":"Cocorico - H\u00f4tel &amp; Restaurant \u00e0 Porto au Portugal","description":"","publisher":{"@id":"https:\/\/www.cocoricoporto.com\/fr\/#organization"},"potentialAction":[{"@type":"SearchAction","target":{"@type":"EntryPoint","urlTemplate":"https:\/\/www.cocoricoporto.com\/fr\/?s={search_term_string}"},"query-input":"required name=search_term_string"}],"inLanguage":"fr-FR"},{"@type":"Organization","@id":"https:\/\/www.cocoricoporto.com\/fr\/#organization","name":"Cocorico","url":"https:\/\/www.cocoricoporto.com\/fr\/","logo":{"@type":"ImageObject","inLanguage":"fr-FR","@id":"https:\/\/www.cocoricoporto.com\/fr\/#\/schema\/logo\/image\/","url":"","contentUrl":"","caption":"Cocorico"},"image":{"@id":"https:\/\/www.cocoricoporto.com\/fr\/#\/schema\/logo\/image\/"},"sameAs":["https:\/\/www.instagram.com\/domaine_de_raba\/","https:\/\/www.facebook.com\/DomainedeRabaTalence\/"]}]}},"_links":{"self":[{"href":"https:\/\/www.cocoricoporto.com\/fr\/wp-json\/wp\/v2\/pages\/5666034"}],"collection":[{"href":"https:\/\/www.cocoricoporto.com\/fr\/wp-json\/wp\/v2\/pages"}],"about":[{"href":"https:\/\/www.cocoricoporto.com\/fr\/wp-json\/wp\/v2\/types\/page"}],"author":[{"embeddable":true,"href":"https:\/\/www.cocoricoporto.com\/fr\/wp-json\/wp\/v2\/users\/1"}],"replies":[{"embeddable":true,"href":"https:\/\/www.cocoricoporto.com\/fr\/wp-json\/wp\/v2\/comments?post=5666034"}],"version-history":[{"count":7,"href":"https:\/\/www.cocoricoporto.com\/fr\/wp-json\/wp\/v2\/pages\/5666034\/revisions"}],"predecessor-version":[{"id":5671114,"href":"https:\/\/www.cocoricoporto.com\/fr\/wp-json\/wp\/v2\/pages\/5666034\/revisions\/5671114"}],"wp:attachment":[{"href":"https:\/\/www.cocoricoporto.com\/fr\/wp-json\/wp\/v2\/media?parent=5666034"}],"curies":[{"name":"wp","href":"https:\/\/api.w.org\/{rel}","templated":true}]}}