{"id":5666742,"date":"2019-04-24T14:12:09","date_gmt":"2019-04-24T12:12:09","guid":{"rendered":"https:\/\/www.cocorico-porto.pt\/cinema-boutique-copy\/"},"modified":"2024-01-30T12:48:40","modified_gmt":"2024-01-30T11:48:40","slug":"vos-evenements","status":"publish","type":"page","link":"https:\/\/www.cocoricoporto.com\/fr\/restaurant-bar\/vos-evenements\/","title":{"rendered":"Vos \u00e9v\u00e8nements"},"content":{"rendered":"[vc_row full_width=\u00a0\u00bbstretch_row_content_no_spaces\u00a0\u00bb full_height=\u00a0\u00bbyes\u00a0\u00bb parallax=\u00a0\u00bbcontent-moving\u00a0\u00bb parallax_image=\u00a0\u00bb5670968&Prime; parallax_speed_bg=\u00a0\u00bb1&Prime;][vc_column]<div class=\"norebro-heading-sc heading event-page-title text-center\"\n\tid=\"norebro-custom-69f2b693f26f6\" \n\t \n\t>\n\t\n\t\n\t\n\t<h1 class=\"title\">\n\t\tPrivatisation\t<\/h1>\n\n\t\n\t\t\t<p class=\"subtitle\">\n\t\t\t\t\t<\/p>\n\t\t\n<\/div><div class=\"norebro-text-sc event-text-banner\" \n\tid=\"norebro-custom-69f2b693f2a0c\" \n\t \n\t>\n\n\t<p style=\"text-align: center;\">Privatisation<\/p>\n\t\n<\/div>[vc_raw_html]JTNDaW1nJTIwc3JjJTNEJTIyaHR0cHMlM0ElMkYlMkZzMy1ldS1jZW50cmFsLTEuYW1hem9uYXdzLmNvbSUyRmJvd28tbWVkaWElMkZwd2FfY2FyZCUyRmY3NTU4YjJmLTEyZWEtNDc3Zi1hOWJmLTA4YzExMjkzMmY1OC5naWYlMjIlMjBzdHlsZSUzRCUyMmRpc3BsYXklM0ElMjBibG9jayUzQiUyMG1hcmdpbi1sZWZ0JTNBJTIwYXV0byUzQiUyMG1hcmdpbi1yaWdodCUzQSUyMGF1dG8lM0IlMjB3aWR0aCUzQTEwMHB4JTNCJTIyJTIwb25jbGljayUzRCUyMnNtb290aFNjcm9sbCUyOCUyNyUyM2V2ZW50LWNvbnRlbnQlMjclMjklMjIlM0U=[\/vc_raw_html][\/vc_column][\/vc_row][vc_row full_width=\u00a0\u00bbstretch_row_content\u00a0\u00bb css_animation=\u00a0\u00bbnone\u00a0\u00bb el_id=\u00a0\u00bbevent-content\u00a0\u00bb][vc_column][vc_row_inner][vc_column_inner]<div class=\"norebro-heading-sc heading text-center\"\n\tid=\"norebro-custom-69f2b693f2c4e\" \n\t \n\t>\n\t\n\t\n\t\n\t<h2 class=\"title\">\n\t\tMill\u00e9sime Porto\t<\/h2>\n\n\t\n\t\t\t<p class=\"subtitle\">\n\t\t\t\t\t<\/p>\n\t\t\n<\/div>[vc_empty_space height=\u00a0\u00bb20px\u00a0\u00bb]<div class=\"norebro-heading-sc heading text-center\"\n\tid=\"norebro-custom-69f2b693f2ea8\" \n\t \n\t>\n\t\n\t\n\t\n\t<h3 class=\"title\">\n\t\tLa minutie avec Mill\u00e9sime\t<\/h3>\n\n\t\n\t\t\t<p class=\"subtitle\">\n\t\t\t\t\t<\/p>\n\t\t\n<\/div>[vc_empty_space height=\u00a0\u00bb20px\u00a0\u00bb]<div class=\"norebro-text-sc \" \n\tid=\"norebro-custom-69f2b693f3119\" \n\t \n\t>\n\n\t<p style=\"text-align: center;\">Notre Maison devient la v\u00f4tre pour vos \u00e9v\u00e8nements.<\/p>\n\t\n<\/div>[vc_empty_space height=\u00a0\u00bb20px\u00a0\u00bb][\/vc_column_inner][\/vc_row_inner]<div class=\"norebro-slider-sc slider-wrap\">\n\t<div class=\"slider norebro-slider  full nav-inset\" \n\tid=\"norebro-custom-69f2b693f3330\" \n\tdata-norebro-slider='{\"loop\":true,\"dots\":false,\"nav\":true,\"autoplay\":true,\"autoplayHoverPause\":true,\"autoHeight\":true,\"navContainerClass\":\"slider-nav\",\"itemsDesktop\":\"4\",\"itemsTablet\":\"3\",\"itemsMobile\":\"1\",\"slideBy\":\"1\",\"autoplayTimeout\":\"5\"}' \n\t\t>\n\n\t\t<div class=\"slider-wrap\">\n\n\t[vc_empty_space height=\u00a0\u00bb30px\u00a0\u00bb][vc_single_image image=\u00a0\u00bb5670245&Prime; img_size=\u00a0\u00bbfull\u00a0\u00bb alignment=\u00a0\u00bbcenter\u00a0\u00bb]<div class=\"norebro-text-sc \" \n\tid=\"norebro-custom-69f2b693f36b9\" \n\t \n\t>\n\n\t<p style=\"text-align: center;\">\u00c0 40 minutes de l&rsquo;a\u00e9roport<\/p>\n\t\n<\/div>[vc_empty_space height=\u00a0\u00bb20px\u00a0\u00bb]\t\n<\/div><div class=\"slider-wrap\">\n\n\t[vc_empty_space height=\u00a0\u00bb30px\u00a0\u00bb][vc_single_image image=\u00a0\u00bb5670251&Prime; img_size=\u00a0\u00bbfull\u00a0\u00bb alignment=\u00a0\u00bbcenter\u00a0\u00bb]<div class=\"norebro-text-sc \" \n\tid=\"norebro-custom-69f2b693f385c\" \n\t \n\t>\n\n\t<p style=\"text-align: center;\">Au c\u0153ur de la vieille ville de Porto<\/p>\n\t\n<\/div>[vc_empty_space height=\u00a0\u00bb20px\u00a0\u00bb]\t\n<\/div><div class=\"slider-wrap\">\n\n\t[vc_empty_space height=\u00a0\u00bb30px\u00a0\u00bb][vc_single_image image=\u00a0\u00bb5670242&Prime; img_size=\u00a0\u00bbfull\u00a0\u00bb alignment=\u00a0\u00bbcenter\u00a0\u00bb]<div class=\"norebro-text-sc \" \n\tid=\"norebro-custom-69f2b693f39fe\" \n\t \n\t>\n\n\t<p style=\"text-align: center;\">H\u00f4tel de luxe<\/p>\n\t\n<\/div>[vc_empty_space height=\u00a0\u00bb20px\u00a0\u00bb]\t\n<\/div><div class=\"slider-wrap\">\n\n\t[vc_empty_space height=\u00a0\u00bb30px\u00a0\u00bb][vc_single_image image=\u00a0\u00bb5670254&Prime; img_size=\u00a0\u00bbfull\u00a0\u00bb alignment=\u00a0\u00bbcenter\u00a0\u00bb]<div class=\"norebro-text-sc \" \n\tid=\"norebro-custom-69f2b693f3ba8\" \n\t \n\t>\n\n\t<p style=\"text-align: center;\">10 chambres<\/p>\n\t\n<\/div>[vc_empty_space height=\u00a0\u00bb20px\u00a0\u00bb]\t\n<\/div><div class=\"slider-wrap\">\n\n\t[vc_empty_space height=\u00a0\u00bb30px\u00a0\u00bb][vc_single_image image=\u00a0\u00bb5670257&Prime; img_size=\u00a0\u00bbfull\u00a0\u00bb alignment=\u00a0\u00bbcenter\u00a0\u00bb]<div class=\"norebro-text-sc \" \n\tid=\"norebro-custom-69f2b693f3d55\" \n\t \n\t>\n\n\t<p style=\"text-align: center;\">Restaurant intimiste<\/p>\n\t\n<\/div>[vc_empty_space height=\u00a0\u00bb20px\u00a0\u00bb]\t\n<\/div><div class=\"slider-wrap\">\n\n\t[vc_empty_space height=\u00a0\u00bb30px\u00a0\u00bb][vc_single_image image=\u00a0\u00bb5670248&Prime; img_size=\u00a0\u00bbfull\u00a0\u00bb alignment=\u00a0\u00bbcenter\u00a0\u00bb]<div class=\"norebro-text-sc \" \n\tid=\"norebro-custom-69f2b693f3eff\" \n\t \n\t>\n\n\t<p style=\"text-align: center;\">Patio intimiste<\/p>\n\t\n<\/div>[vc_empty_space height=\u00a0\u00bb20px\u00a0\u00bb]\t\n<\/div><div class=\"slider-wrap\">\n\n\t[vc_empty_space height=\u00a0\u00bb30px\u00a0\u00bb][vc_single_image image=\u00a0\u00bb5670239&Prime; img_size=\u00a0\u00bbfull\u00a0\u00bb alignment=\u00a0\u00bbcenter\u00a0\u00bb]<div class=\"norebro-text-sc \" \n\tid=\"norebro-custom-69f2b693f40a3\" \n\t \n\t>\n\n\t<p style=\"text-align: center;\">Des \u00e9v\u00e8nements toutes les semaines<\/p>\n\t\n<\/div>[vc_empty_space height=\u00a0\u00bb20px\u00a0\u00bb]\t\n<\/div>\t\t\n\t<\/div>\n<\/div>\n[vc_row_inner][vc_column_inner]<div class=\"norebro-heading-sc heading text-center\"\n\tid=\"norebro-custom-69f2b693f41b4\" \n\t \n\t>\n\t\n\t\n\t\n\t<h2 class=\"title\">\n\t\tOrganisez vos \u00e9v\u00e8nements\t<\/h2>\n\n\t\n\t\t\t<p class=\"subtitle\">\n\t\t\t\t\t<\/p>\n\t\t\n<\/div>[vc_empty_space height=\u00a0\u00bb20px\u00a0\u00bb]<div class=\"norebro-heading-sc heading text-center\"\n\tid=\"norebro-custom-69f2b69400098\" \n\t \n\t>\n\t\n\t\n\t\n\t<h3 class=\"title\">\n\t\tProfitez d'un savoir-faire sur-mesure\t<\/h3>\n\n\t\n\t\t\t<p class=\"subtitle\">\n\t\t\t\t\t<\/p>\n\t\t\n<\/div>[vc_empty_space height=\u00a0\u00bb20px\u00a0\u00bb]<div class=\"norebro-text-sc \" \n\tid=\"norebro-custom-69f2b694001ca\" \n\t \n\t>\n\n\t<p style=\"text-align: center;\">Organiser vos r\u00e9unions, s\u00e9minaires, team-building, mariages, anniversaires \u2026<\/p>\n<p style=\"text-align: center;\">Pour vos d\u00eeners et r\u00e9ceptions, profitez de la d\u00e9licieuse cuisine de notre Chef !<br \/>\nUn moment gourmand \u00e0 partager \u00e0 notre table.<br \/>\nPour un diner assis, nous pouvons accueillir jusqu\u2019\u00e0 40 personnes<br \/>\nPour un cocktail dinatoire, nous serons ravis de vous accueillir avec 70 invit\u00e9s<\/p>\n<p style=\"text-align: center;\">Le petit-d\u00e9jeuner est un de nos moments pr\u00e9f\u00e9r\u00e9s &#8230;<br \/>\nPour vos r\u00e9unions professionnelles, Cocorico est le lieu id\u00e9al pour partager un moment convivial et productif autour de notre petit-d\u00e9jeuner. Surement un des meilleurs de Porto, \u00e0 partager de 2 \u00e0 15 personnes !<\/p>\n\t\n<\/div>[vc_empty_space height=\u00a0\u00bb20px\u00a0\u00bb][\/vc_column_inner][\/vc_row_inner][vc_row_inner el_class=\u00a0\u00bbbox-footer-btn\u00a0\u00bb][vc_column_inner][vc_btn title=\u00a0\u00bbDEMANDEZ UN DEVIS\u00a0\u00bb style=\u00a0\u00bboutline\u00a0\u00bb shape=\u00a0\u00bbsquare\u00a0\u00bb color=\u00a0\u00bbinverse\u00a0\u00bb align=\u00a0\u00bbcenter\u00a0\u00bb link=\u00a0\u00bburl:mailto%3Acontacto%40cocorico-porto.pt%20|||\u00a0\u00bb][\/vc_column_inner][\/vc_row_inner][vc_empty_space height=\u00a0\u00bb40px\u00a0\u00bb][\/vc_column][\/vc_row][vc_row][vc_column][vc_raw_js]JTNDc2NyaXB0JTNFJTIwJTIwJTIwJTIwJTIwJTIwJTIwJTIwJTIwJTBBJTIwJTIwJTIwJTIwJTIwJTIwJTIwJTIwZnVuY3Rpb24lMjBzbW9vdGhTY3JvbGwlMjh0YXJnZXQlMjklMjAlN0IlMEElMjAlMjAlMjAlMjAlMjAlMjAlMjAlMjAlMjAlMjAlMjAlMjB2YXIlMjBlbGVtZW50JTIwJTNEJTIwZG9jdW1lbnQucXVlcnlTZWxlY3RvciUyOHRhcmdldCUyOSUzQiUwQSUyMCUyMCUyMCUyMCUyMCUyMCUyMCUyMCUyMCUyMCUyMCUyMHdpbmRvdy5zY3JvbGxUbyUyOCU3QiUwQSUyMCUyMCUyMCUyMCUyMCUyMCUyMCUyMCUyMCUyMCUyMCUyMCUyMCUyMCUyMCUyMGJlaGF2aW9yJTNBJTIwJTI3c21vb3RoJTI3JTJDJTBBJTIwJTIwJTIwJTIwJTIwJTIwJTIwJTIwJTIwJTIwJTIwJTIwJTIwJTIwJTIwJTIwdG9wJTNBJTIwZWxlbWVudC5vZmZzZXRUb3AlMEElMjAlMjAlMjAlMjAlMjAlMjAlMjAlMjAlMjAlMjAlMjAlMjAlN0QlMjklM0IlMEElMjAlMjAlMjAlMjAlMjAlMjAlMjAlMjAlN0QlMEElM0MlMkZzY3JpcHQlM0U=[\/vc_raw_js][\/vc_column][\/vc_row]\n","protected":false},"excerpt":{"rendered":"<p>[vc_row full_width=\u00a0\u00bbstretch_row_content_no_spaces\u00a0\u00bb full_height=\u00a0\u00bbyes\u00a0\u00bb parallax=\u00a0\u00bbcontent-moving\u00a0\u00bb parallax_image=\u00a0\u00bb5670968&Prime; parallax_speed_bg=\u00a0\u00bb1&Prime;][vc_column][vc_raw_html]JTNDaW1nJTIwc3JjJTNEJTIyaHR0cHMlM0ElMkYlMkZzMy1ldS1jZW50cmFsLTEuYW1hem9uYXdzLmNvbSUyRmJvd28tbWVkaWElMkZwd2FfY2FyZCUyRmY3NTU4YjJmLTEyZWEtNDc3Zi1hOWJmLTA4YzExMjkzMmY1OC5naWYlMjIlMjBzdHlsZSUzRCUyMmRpc3BsYXklM0ElMjBibG9jayUzQiUyMG1hcmdpbi1sZWZ0JTNBJTIwYXV0byUzQiUyMG1hcmdpbi1yaWdodCUzQSUyMGF1dG8lM0IlMjB3aWR0aCUzQTEwMHB4JTNCJTIyJTIwb25jbGljayUzRCUyMnNtb290aFNjcm9sbCUyOCUyNyUyM2V2ZW50LWNvbnRlbnQlMjclMjklMjIlM0U=[\/vc_raw_html][\/vc_column][\/vc_row][vc_row full_width=\u00a0\u00bbstretch_row_content\u00a0\u00bb css_animation=\u00a0\u00bbnone\u00a0\u00bb el_id=\u00a0\u00bbevent-content\u00a0\u00bb][vc_column][vc_row_inner][vc_column_inner][vc_empty_space height=\u00a0\u00bb20px\u00a0\u00bb][vc_empty_space height=\u00a0\u00bb20px\u00a0\u00bb][vc_empty_space height=\u00a0\u00bb20px\u00a0\u00bb][\/vc_column_inner][\/vc_row_inner][vc_row_inner][vc_column_inner][vc_empty_space height=\u00a0\u00bb20px\u00a0\u00bb][vc_empty_space height=\u00a0\u00bb20px\u00a0\u00bb][vc_empty_space height=\u00a0\u00bb20px\u00a0\u00bb][\/vc_column_inner][\/vc_row_inner][vc_row_inner el_class=\u00a0\u00bbbox-footer-btn\u00a0\u00bb][vc_column_inner][vc_btn title=\u00a0\u00bbDEMANDEZ UN DEVIS\u00a0\u00bb style=\u00a0\u00bboutline\u00a0\u00bb shape=\u00a0\u00bbsquare\u00a0\u00bb color=\u00a0\u00bbinverse\u00a0\u00bb align=\u00a0\u00bbcenter\u00a0\u00bb link=\u00a0\u00bburl:mailto%3Acontacto%40cocorico-porto.pt%20|||\u00a0\u00bb][\/vc_column_inner][\/vc_row_inner][vc_empty_space height=\u00a0\u00bb40px\u00a0\u00bb][\/vc_column][\/vc_row][vc_row][vc_column][vc_raw_js]JTNDc2NyaXB0JTNFJTIwJTIwJTIwJTIwJTIwJTIwJTIwJTIwJTIwJTBBJTIwJTIwJTIwJTIwJTIwJTIwJTIwJTIwZnVuY3Rpb24lMjBzbW9vdGhTY3JvbGwlMjh0YXJnZXQlMjklMjAlN0IlMEElMjAlMjAlMjAlMjAlMjAlMjAlMjAlMjAlMjAlMjAlMjAlMjB2YXIlMjBlbGVtZW50JTIwJTNEJTIwZG9jdW1lbnQucXVlcnlTZWxlY3RvciUyOHRhcmdldCUyOSUzQiUwQSUyMCUyMCUyMCUyMCUyMCUyMCUyMCUyMCUyMCUyMCUyMCUyMHdpbmRvdy5zY3JvbGxUbyUyOCU3QiUwQSUyMCUyMCUyMCUyMCUyMCUyMCUyMCUyMCUyMCUyMCUyMCUyMCUyMCUyMCUyMCUyMGJlaGF2aW9yJTNBJTIwJTI3c21vb3RoJTI3JTJDJTBBJTIwJTIwJTIwJTIwJTIwJTIwJTIwJTIwJTIwJTIwJTIwJTIwJTIwJTIwJTIwJTIwdG9wJTNBJTIwZWxlbWVudC5vZmZzZXRUb3AlMEElMjAlMjAlMjAlMjAlMjAlMjAlMjAlMjAlMjAlMjAlMjAlMjAlN0QlMjklM0IlMEElMjAlMjAlMjAlMjAlMjAlMjAlMjAlMjAlN0QlMEElM0MlMkZzY3JpcHQlM0U=[\/vc_raw_js][\/vc_column][\/vc_row]<\/p>\n","protected":false},"author":1,"featured_media":0,"parent":5666291,"menu_order":4,"comment_status":"closed","ping_status":"closed","template":"","meta":{"inline_featured_image":false},"acf":[],"yoast_head":"<!-- This site is optimized with the Yoast SEO plugin v19.13 - https:\/\/yoast.com\/wordpress\/plugins\/seo\/ -->\n<title>Vos \u00e9v\u00e8nements \u00e0 Cocorico - s\u00e9minaires, r\u00e9unions, anniversaires \u00e0 Porto<\/title>\n<meta name=\"description\" content=\"Vous souhaitez organiser un \u00e9v\u00e8nement professionnel ou privatiser un lieu pour une belle soir\u00e9e \u00e0 Porto ? Cocorico est le lieu id\u00e9al ...\" \/>\n<meta name=\"robots\" content=\"index, follow, max-snippet:-1, max-image-preview:large, max-video-preview:-1\" \/>\n<link rel=\"canonical\" href=\"https:\/\/www.cocoricoporto.com\/fr\/restaurant-bar\/vos-evenements\/\" \/>\n<meta property=\"og:locale\" content=\"fr_FR\" \/>\n<meta property=\"og:type\" content=\"article\" \/>\n<meta property=\"og:title\" content=\"Vos \u00e9v\u00e8nements \u00e0 Cocorico - s\u00e9minaires, r\u00e9unions, anniversaires \u00e0 Porto\" \/>\n<meta property=\"og:description\" content=\"Vous souhaitez organiser un \u00e9v\u00e8nement professionnel ou privatiser un lieu pour une belle soir\u00e9e \u00e0 Porto ? Cocorico est le lieu id\u00e9al ...\" \/>\n<meta property=\"og:url\" content=\"https:\/\/www.cocoricoporto.com\/fr\/restaurant-bar\/vos-evenements\/\" \/>\n<meta property=\"og:site_name\" content=\"Cocorico - H\u00f4tel &amp; Restaurant \u00e0 Porto au Portugal\" \/>\n<meta property=\"article:publisher\" content=\"https:\/\/www.facebook.com\/DomainedeRabaTalence\/\" \/>\n<meta property=\"article:modified_time\" content=\"2024-01-30T11:48:40+00:00\" \/>\n<meta name=\"twitter:card\" content=\"summary_large_image\" \/>\n<meta name=\"twitter:label1\" content=\"Dur\u00e9e de lecture estim\u00e9e\" \/>\n\t<meta name=\"twitter:data1\" content=\"2 minutes\" \/>\n<script type=\"application\/ld+json\" class=\"yoast-schema-graph\">{\"@context\":\"https:\/\/schema.org\",\"@graph\":[{\"@type\":\"WebPage\",\"@id\":\"https:\/\/www.cocoricoporto.com\/fr\/restaurant-bar\/vos-evenements\/\",\"url\":\"https:\/\/www.cocoricoporto.com\/fr\/restaurant-bar\/vos-evenements\/\",\"name\":\"Vos \u00e9v\u00e8nements \u00e0 Cocorico - s\u00e9minaires, r\u00e9unions, anniversaires \u00e0 Porto\",\"isPartOf\":{\"@id\":\"https:\/\/www.cocoricoporto.com\/fr\/#website\"},\"datePublished\":\"2019-04-24T12:12:09+00:00\",\"dateModified\":\"2024-01-30T11:48:40+00:00\",\"description\":\"Vous souhaitez organiser un \u00e9v\u00e8nement professionnel ou privatiser un lieu pour une belle soir\u00e9e \u00e0 Porto ? Cocorico est le lieu id\u00e9al ...\",\"breadcrumb\":{\"@id\":\"https:\/\/www.cocoricoporto.com\/fr\/restaurant-bar\/vos-evenements\/#breadcrumb\"},\"inLanguage\":\"fr-FR\",\"potentialAction\":[{\"@type\":\"ReadAction\",\"target\":[\"https:\/\/www.cocoricoporto.com\/fr\/restaurant-bar\/vos-evenements\/\"]}]},{\"@type\":\"BreadcrumbList\",\"@id\":\"https:\/\/www.cocoricoporto.com\/fr\/restaurant-bar\/vos-evenements\/#breadcrumb\",\"itemListElement\":[{\"@type\":\"ListItem\",\"position\":1,\"name\":\"Accueil\",\"item\":\"https:\/\/www.cocoricoporto.com\/fr\/\"},{\"@type\":\"ListItem\",\"position\":2,\"name\":\"Restaurant &#038; Bar\",\"item\":\"https:\/\/www.cocoricoporto.com\/fr\/restaurant-bar\/\"},{\"@type\":\"ListItem\",\"position\":3,\"name\":\"Vos \u00e9v\u00e8nements\"}]},{\"@type\":\"WebSite\",\"@id\":\"https:\/\/www.cocoricoporto.com\/fr\/#website\",\"url\":\"https:\/\/www.cocoricoporto.com\/fr\/\",\"name\":\"Cocorico - H\u00f4tel &amp; Restaurant \u00e0 Porto au Portugal\",\"description\":\"\",\"publisher\":{\"@id\":\"https:\/\/www.cocoricoporto.com\/fr\/#organization\"},\"potentialAction\":[{\"@type\":\"SearchAction\",\"target\":{\"@type\":\"EntryPoint\",\"urlTemplate\":\"https:\/\/www.cocoricoporto.com\/fr\/?s={search_term_string}\"},\"query-input\":\"required name=search_term_string\"}],\"inLanguage\":\"fr-FR\"},{\"@type\":\"Organization\",\"@id\":\"https:\/\/www.cocoricoporto.com\/fr\/#organization\",\"name\":\"Cocorico\",\"url\":\"https:\/\/www.cocoricoporto.com\/fr\/\",\"logo\":{\"@type\":\"ImageObject\",\"inLanguage\":\"fr-FR\",\"@id\":\"https:\/\/www.cocoricoporto.com\/fr\/#\/schema\/logo\/image\/\",\"url\":\"\",\"contentUrl\":\"\",\"caption\":\"Cocorico\"},\"image\":{\"@id\":\"https:\/\/www.cocoricoporto.com\/fr\/#\/schema\/logo\/image\/\"},\"sameAs\":[\"https:\/\/www.instagram.com\/domaine_de_raba\/\",\"https:\/\/www.facebook.com\/DomainedeRabaTalence\/\"]}]}<\/script>\n<!-- \/ Yoast SEO plugin. -->","yoast_head_json":{"title":"Vos \u00e9v\u00e8nements \u00e0 Cocorico - s\u00e9minaires, r\u00e9unions, anniversaires \u00e0 Porto","description":"Vous souhaitez organiser un \u00e9v\u00e8nement professionnel ou privatiser un lieu pour une belle soir\u00e9e \u00e0 Porto ? Cocorico est le lieu id\u00e9al ...","robots":{"index":"index","follow":"follow","max-snippet":"max-snippet:-1","max-image-preview":"max-image-preview:large","max-video-preview":"max-video-preview:-1"},"canonical":"https:\/\/www.cocoricoporto.com\/fr\/restaurant-bar\/vos-evenements\/","og_locale":"fr_FR","og_type":"article","og_title":"Vos \u00e9v\u00e8nements \u00e0 Cocorico - s\u00e9minaires, r\u00e9unions, anniversaires \u00e0 Porto","og_description":"Vous souhaitez organiser un \u00e9v\u00e8nement professionnel ou privatiser un lieu pour une belle soir\u00e9e \u00e0 Porto ? Cocorico est le lieu id\u00e9al ...","og_url":"https:\/\/www.cocoricoporto.com\/fr\/restaurant-bar\/vos-evenements\/","og_site_name":"Cocorico - H\u00f4tel &amp; Restaurant \u00e0 Porto au Portugal","article_publisher":"https:\/\/www.facebook.com\/DomainedeRabaTalence\/","article_modified_time":"2024-01-30T11:48:40+00:00","twitter_card":"summary_large_image","twitter_misc":{"Dur\u00e9e de lecture estim\u00e9e":"2 minutes"},"schema":{"@context":"https:\/\/schema.org","@graph":[{"@type":"WebPage","@id":"https:\/\/www.cocoricoporto.com\/fr\/restaurant-bar\/vos-evenements\/","url":"https:\/\/www.cocoricoporto.com\/fr\/restaurant-bar\/vos-evenements\/","name":"Vos \u00e9v\u00e8nements \u00e0 Cocorico - s\u00e9minaires, r\u00e9unions, anniversaires \u00e0 Porto","isPartOf":{"@id":"https:\/\/www.cocoricoporto.com\/fr\/#website"},"datePublished":"2019-04-24T12:12:09+00:00","dateModified":"2024-01-30T11:48:40+00:00","description":"Vous souhaitez organiser un \u00e9v\u00e8nement professionnel ou privatiser un lieu pour une belle soir\u00e9e \u00e0 Porto ? Cocorico est le lieu id\u00e9al ...","breadcrumb":{"@id":"https:\/\/www.cocoricoporto.com\/fr\/restaurant-bar\/vos-evenements\/#breadcrumb"},"inLanguage":"fr-FR","potentialAction":[{"@type":"ReadAction","target":["https:\/\/www.cocoricoporto.com\/fr\/restaurant-bar\/vos-evenements\/"]}]},{"@type":"BreadcrumbList","@id":"https:\/\/www.cocoricoporto.com\/fr\/restaurant-bar\/vos-evenements\/#breadcrumb","itemListElement":[{"@type":"ListItem","position":1,"name":"Accueil","item":"https:\/\/www.cocoricoporto.com\/fr\/"},{"@type":"ListItem","position":2,"name":"Restaurant &#038; Bar","item":"https:\/\/www.cocoricoporto.com\/fr\/restaurant-bar\/"},{"@type":"ListItem","position":3,"name":"Vos \u00e9v\u00e8nements"}]},{"@type":"WebSite","@id":"https:\/\/www.cocoricoporto.com\/fr\/#website","url":"https:\/\/www.cocoricoporto.com\/fr\/","name":"Cocorico - H\u00f4tel &amp; Restaurant \u00e0 Porto au Portugal","description":"","publisher":{"@id":"https:\/\/www.cocoricoporto.com\/fr\/#organization"},"potentialAction":[{"@type":"SearchAction","target":{"@type":"EntryPoint","urlTemplate":"https:\/\/www.cocoricoporto.com\/fr\/?s={search_term_string}"},"query-input":"required name=search_term_string"}],"inLanguage":"fr-FR"},{"@type":"Organization","@id":"https:\/\/www.cocoricoporto.com\/fr\/#organization","name":"Cocorico","url":"https:\/\/www.cocoricoporto.com\/fr\/","logo":{"@type":"ImageObject","inLanguage":"fr-FR","@id":"https:\/\/www.cocoricoporto.com\/fr\/#\/schema\/logo\/image\/","url":"","contentUrl":"","caption":"Cocorico"},"image":{"@id":"https:\/\/www.cocoricoporto.com\/fr\/#\/schema\/logo\/image\/"},"sameAs":["https:\/\/www.instagram.com\/domaine_de_raba\/","https:\/\/www.facebook.com\/DomainedeRabaTalence\/"]}]}},"_links":{"self":[{"href":"https:\/\/www.cocoricoporto.com\/fr\/wp-json\/wp\/v2\/pages\/5666742"}],"collection":[{"href":"https:\/\/www.cocoricoporto.com\/fr\/wp-json\/wp\/v2\/pages"}],"about":[{"href":"https:\/\/www.cocoricoporto.com\/fr\/wp-json\/wp\/v2\/types\/page"}],"author":[{"embeddable":true,"href":"https:\/\/www.cocoricoporto.com\/fr\/wp-json\/wp\/v2\/users\/1"}],"replies":[{"embeddable":true,"href":"https:\/\/www.cocoricoporto.com\/fr\/wp-json\/wp\/v2\/comments?post=5666742"}],"version-history":[{"count":7,"href":"https:\/\/www.cocoricoporto.com\/fr\/wp-json\/wp\/v2\/pages\/5666742\/revisions"}],"predecessor-version":[{"id":5670973,"href":"https:\/\/www.cocoricoporto.com\/fr\/wp-json\/wp\/v2\/pages\/5666742\/revisions\/5670973"}],"up":[{"embeddable":true,"href":"https:\/\/www.cocoricoporto.com\/fr\/wp-json\/wp\/v2\/pages\/5666291"}],"wp:attachment":[{"href":"https:\/\/www.cocoricoporto.com\/fr\/wp-json\/wp\/v2\/media?parent=5666742"}],"curies":[{"name":"wp","href":"https:\/\/api.w.org\/{rel}","templated":true}]}}